{"id":36,"date":"2017-04-18T10:01:24","date_gmt":"2017-04-18T08:01:24","guid":{"rendered":"https:\/\/www.locationvillacostablanca.com\/?page_id=36"},"modified":"2019-11-25T17:26:46","modified_gmt":"2019-11-25T16:26:46","slug":"appartement-a-louer-alpe-d-huez","status":"publish","type":"page","link":"https:\/\/alpsrentholidays.com\/fr\/appartement-a-louer-alpe-d-huez\/","title":{"rendered":"Location Alpe d&rsquo;huez"},"content":{"rendered":"<div class=\"wpb-content-wrapper\"><p>[vc_row][vc_column][vc_column_text]\n\t\t<!-- MasterSlider -->\n\t\t<div id=\"P_MS69f2a4b1161da\" class=\"master-slider-parent msl ms-parent-id-1\" style=\"max-width:1024px;\">\n\n\t\t\t\n\t\t\t<!-- MasterSlider Main -->\n\t\t\t<div id=\"MS69f2a4b1161da\" class=\"master-slider ms-skin-light-4\" >\n\t\t\t\t \t\t\t\t \n\t\t\t\t<div  class=\"ms-slide\" data-delay=\"3\" data-fill-mode=\"fill\"  >\n\t\t\t\t\t<img decoding=\"async\" src=\"https:\/\/alpsrentholidays.com\/wp-content\/plugins\/master-slider\/public\/assets\/css\/blank.gif\" alt=\"\" title=\"\" data-src=\"https:\/\/alpsrentholidays.com\/wp-content\/uploads\/2020\/02\/location_chalet_Alpe_Huez-2.jpg\" \/>\n\n\t\t\t\t\t<div class=\"ms-info ms-info-empty\">&nbsp;<\/div>\n\n\n\t<img decoding=\"async\" class=\"ms-thumb\" src=\"https:\/\/alpsrentholidays.com\/wp-content\/uploads\/2020\/02\/location_chalet_Alpe_Huez-2-140x80.jpg\" alt=\"\" \/>\n\t<div class=\"ms-thumb\" ><div class=\"ms-tab-context\"><div class=\"&quot;ms-tab-context&quot;\"><\/div><\/div>\n<\/div>\n\t\t\t\t<\/div>\n\t\t\t\t<div  class=\"ms-slide\" data-delay=\"3\" data-fill-mode=\"fill\"  >\n\t\t\t\t\t<img decoding=\"async\" src=\"https:\/\/alpsrentholidays.com\/wp-content\/plugins\/master-slider\/public\/assets\/css\/blank.gif\" alt=\"\" title=\"\" data-src=\"https:\/\/alpsrentholidays.com\/wp-content\/uploads\/2020\/02\/location_chalet_Alpe_Huez-22.jpg\" \/>\n\n\t\t\t\t\t<div class=\"ms-info ms-info-empty\">&nbsp;<\/div>\n\n\n\t<img decoding=\"async\" class=\"ms-thumb\" src=\"https:\/\/alpsrentholidays.com\/wp-content\/uploads\/2020\/02\/location_chalet_Alpe_Huez-22-140x80.jpg\" alt=\"\" \/>\n\t<div class=\"ms-thumb\" ><div class=\"ms-tab-context\"><div class=\"&quot;ms-tab-context&quot;\"><\/div><\/div>\n<\/div>\n\t\t\t\t<\/div>\n\t\t\t\t<div  class=\"ms-slide\" data-delay=\"3\" data-fill-mode=\"fill\"  >\n\t\t\t\t\t<img decoding=\"async\" src=\"https:\/\/alpsrentholidays.com\/wp-content\/plugins\/master-slider\/public\/assets\/css\/blank.gif\" alt=\"\" title=\"\" data-src=\"https:\/\/alpsrentholidays.com\/wp-content\/uploads\/2020\/02\/location_chalet_Alpe_Huez-18.jpg\" \/>\n\n\t\t\t\t\t<div class=\"ms-info ms-info-empty\">&nbsp;<\/div>\n\n\n\t<img decoding=\"async\" class=\"ms-thumb\" src=\"https:\/\/alpsrentholidays.com\/wp-content\/uploads\/2020\/02\/location_chalet_Alpe_Huez-18-140x80.jpg\" alt=\"\" \/>\n\t<div class=\"ms-thumb\" ><div class=\"ms-tab-context\"><div class=\"&quot;ms-tab-context&quot;\"><\/div><\/div>\n<\/div>\n\t\t\t\t<\/div>\n\t\t\t\t<div  class=\"ms-slide\" data-delay=\"3\" data-fill-mode=\"fill\"  >\n\t\t\t\t\t<img decoding=\"async\" src=\"https:\/\/alpsrentholidays.com\/wp-content\/plugins\/master-slider\/public\/assets\/css\/blank.gif\" alt=\"\" title=\"\" data-src=\"https:\/\/alpsrentholidays.com\/wp-content\/uploads\/2020\/02\/location_chalet_Alpe_Huez-19.jpg\" \/>\n\n\t\t\t\t\t<div class=\"ms-info ms-info-empty\">&nbsp;<\/div>\n\n\n\t<img decoding=\"async\" class=\"ms-thumb\" src=\"https:\/\/alpsrentholidays.com\/wp-content\/uploads\/2020\/02\/location_chalet_Alpe_Huez-19-140x80.jpg\" alt=\"\" \/>\n\t<div class=\"ms-thumb\" ><div class=\"ms-tab-context\"><div class=\"&quot;ms-tab-context&quot;\"><\/div><\/div>\n<\/div>\n\t\t\t\t<\/div>\n\t\t\t\t<div  class=\"ms-slide\" data-delay=\"3\" data-fill-mode=\"fill\"  >\n\t\t\t\t\t<img decoding=\"async\" src=\"https:\/\/alpsrentholidays.com\/wp-content\/plugins\/master-slider\/public\/assets\/css\/blank.gif\" alt=\"\" title=\"\" data-src=\"https:\/\/alpsrentholidays.com\/wp-content\/uploads\/2020\/02\/location_chalet_Alpe_Huez-20.jpg\" \/>\n\n\t\t\t\t\t<div class=\"ms-info ms-info-empty\">&nbsp;<\/div>\n\n\n\t<img decoding=\"async\" class=\"ms-thumb\" src=\"https:\/\/alpsrentholidays.com\/wp-content\/uploads\/2020\/02\/location_chalet_Alpe_Huez-20-140x80.jpg\" alt=\"\" \/>\n\t<div class=\"ms-thumb\" ><div class=\"ms-tab-context\"><div class=\"&quot;ms-tab-context&quot;\"><\/div><\/div>\n<\/div>\n\t\t\t\t<\/div>\n\t\t\t\t<div  class=\"ms-slide\" data-delay=\"3\" data-fill-mode=\"fill\"  >\n\t\t\t\t\t<img decoding=\"async\" src=\"https:\/\/alpsrentholidays.com\/wp-content\/plugins\/master-slider\/public\/assets\/css\/blank.gif\" alt=\"\" title=\"\" data-src=\"https:\/\/alpsrentholidays.com\/wp-content\/uploads\/2020\/02\/location_chalet_Alpe_Huez-21.jpg\" \/>\n\n\t\t\t\t\t<div class=\"ms-info ms-info-empty\">&nbsp;<\/div>\n\n\n\t<img decoding=\"async\" class=\"ms-thumb\" src=\"https:\/\/alpsrentholidays.com\/wp-content\/uploads\/2020\/02\/location_chalet_Alpe_Huez-21-140x80.jpg\" alt=\"\" \/>\n\t<div class=\"ms-thumb\" ><div class=\"ms-tab-context\"><div class=\"&quot;ms-tab-context&quot;\"><\/div><\/div>\n<\/div>\n\t\t\t\t<\/div>\n\t\t\t\t<div  class=\"ms-slide\" data-delay=\"3\" data-fill-mode=\"fill\"  >\n\t\t\t\t\t<img decoding=\"async\" src=\"https:\/\/alpsrentholidays.com\/wp-content\/plugins\/master-slider\/public\/assets\/css\/blank.gif\" alt=\"\" title=\"\" data-src=\"https:\/\/alpsrentholidays.com\/wp-content\/uploads\/2020\/02\/location_chalet_Alpe_Huez-16.jpg\" \/>\n\n\t\t\t\t\t<div class=\"ms-info ms-info-empty\">&nbsp;<\/div>\n\n\n\t<img decoding=\"async\" class=\"ms-thumb\" src=\"https:\/\/alpsrentholidays.com\/wp-content\/uploads\/2020\/02\/location_chalet_Alpe_Huez-16-140x80.jpg\" alt=\"\" \/>\n\t<div class=\"ms-thumb\" ><div class=\"ms-tab-context\"><div class=\"&quot;ms-tab-context&quot;\"><\/div><\/div>\n<\/div>\n\t\t\t\t<\/div>\n\t\t\t\t<div  class=\"ms-slide\" data-delay=\"3\" data-fill-mode=\"fill\"  >\n\t\t\t\t\t<img decoding=\"async\" src=\"https:\/\/alpsrentholidays.com\/wp-content\/plugins\/master-slider\/public\/assets\/css\/blank.gif\" alt=\"\" title=\"\" data-src=\"https:\/\/alpsrentholidays.com\/wp-content\/uploads\/2020\/02\/location_chalet_Alpe_Huez-15.jpg\" \/>\n\n\t\t\t\t\t<div class=\"ms-info ms-info-empty\">&nbsp;<\/div>\n\n\n\t<img decoding=\"async\" class=\"ms-thumb\" src=\"https:\/\/alpsrentholidays.com\/wp-content\/uploads\/2020\/02\/location_chalet_Alpe_Huez-15-140x80.jpg\" alt=\"\" \/>\n\t<div class=\"ms-thumb\" ><div class=\"ms-tab-context\"><div class=\"&quot;ms-tab-context&quot;\"><\/div><\/div>\n<\/div>\n\t\t\t\t<\/div>\n\t\t\t\t<div  class=\"ms-slide\" data-delay=\"3\" data-fill-mode=\"fill\"  >\n\t\t\t\t\t<img decoding=\"async\" src=\"https:\/\/alpsrentholidays.com\/wp-content\/plugins\/master-slider\/public\/assets\/css\/blank.gif\" alt=\"\" title=\"\" data-src=\"https:\/\/alpsrentholidays.com\/wp-content\/uploads\/2020\/02\/location_chalet_Alpe_Huez-23.jpg\" \/>\n\n\t\t\t\t\t<div class=\"ms-info ms-info-empty\">&nbsp;<\/div>\n\n\n\t<img decoding=\"async\" class=\"ms-thumb\" src=\"https:\/\/alpsrentholidays.com\/wp-content\/uploads\/2020\/02\/location_chalet_Alpe_Huez-23-140x80.jpg\" alt=\"\" \/>\n\t<div class=\"ms-thumb\" ><div class=\"ms-tab-context\"><div class=\"&quot;ms-tab-context&quot;\"><\/div><\/div>\n<\/div>\n\t\t\t\t<\/div>\n\t\t\t\t<div  class=\"ms-slide\" data-delay=\"3\" data-fill-mode=\"fill\"  >\n\t\t\t\t\t<img decoding=\"async\" src=\"https:\/\/alpsrentholidays.com\/wp-content\/plugins\/master-slider\/public\/assets\/css\/blank.gif\" alt=\"\" title=\"\" data-src=\"https:\/\/alpsrentholidays.com\/wp-content\/uploads\/2020\/02\/location_chalet_Alpe_Huez-13.jpg\" \/>\n\n\t\t\t\t\t<div class=\"ms-info ms-info-empty\">&nbsp;<\/div>\n\n\n\t<img decoding=\"async\" class=\"ms-thumb\" src=\"https:\/\/alpsrentholidays.com\/wp-content\/uploads\/2020\/02\/location_chalet_Alpe_Huez-13-140x80.jpg\" alt=\"\" \/>\n\t<div class=\"ms-thumb\" ><div class=\"ms-tab-context\"><div class=\"&quot;ms-tab-context&quot;\"><\/div><\/div>\n<\/div>\n\t\t\t\t<\/div>\n\t\t\t\t<div  class=\"ms-slide\" data-delay=\"3\" data-fill-mode=\"fill\"  >\n\t\t\t\t\t<img decoding=\"async\" src=\"https:\/\/alpsrentholidays.com\/wp-content\/plugins\/master-slider\/public\/assets\/css\/blank.gif\" alt=\"\" title=\"\" data-src=\"https:\/\/alpsrentholidays.com\/wp-content\/uploads\/2020\/02\/location_chalet_Alpe_Huez-1.jpg\" \/>\n\n\t\t\t\t\t<div class=\"ms-info ms-info-empty\">&nbsp;<\/div>\n\n\n\t<img decoding=\"async\" class=\"ms-thumb\" src=\"https:\/\/alpsrentholidays.com\/wp-content\/uploads\/2020\/02\/location_chalet_Alpe_Huez-1-140x80.jpg\" alt=\"\" \/>\n\t<div class=\"ms-thumb\" ><div class=\"ms-tab-context\"><div class=\"&quot;ms-tab-context&quot;\"><\/div><\/div>\n<\/div>\n\t\t\t\t<\/div>\n\t\t\t\t<div  class=\"ms-slide\" data-delay=\"3\" data-fill-mode=\"fill\"  >\n\t\t\t\t\t<img decoding=\"async\" src=\"https:\/\/alpsrentholidays.com\/wp-content\/plugins\/master-slider\/public\/assets\/css\/blank.gif\" alt=\"\" title=\"\" data-src=\"https:\/\/alpsrentholidays.com\/wp-content\/uploads\/2020\/02\/location_chalet_Alpe_Huez-31.jpg\" \/>\n\n\t\t\t\t\t<div class=\"ms-info ms-info-empty\">&nbsp;<\/div>\n\n\n\t<img decoding=\"async\" class=\"ms-thumb\" src=\"https:\/\/alpsrentholidays.com\/wp-content\/uploads\/2020\/02\/location_chalet_Alpe_Huez-31-140x80.jpg\" alt=\"\" \/>\n\t<div class=\"ms-thumb\" ><div class=\"ms-tab-context\"><div class=\"&quot;ms-tab-context&quot;\"><\/div><\/div>\n<\/div>\n\t\t\t\t<\/div>\n\t\t\t\t<div  class=\"ms-slide\" data-delay=\"3\" data-fill-mode=\"fill\"  >\n\t\t\t\t\t<img decoding=\"async\" src=\"https:\/\/alpsrentholidays.com\/wp-content\/plugins\/master-slider\/public\/assets\/css\/blank.gif\" alt=\"\" title=\"\" data-src=\"https:\/\/alpsrentholidays.com\/wp-content\/uploads\/2020\/02\/location_chalet_Alpe_Huez-30.jpg\" \/>\n\n\t\t\t\t\t<div class=\"ms-info ms-info-empty\">&nbsp;<\/div>\n\n\n\t<img decoding=\"async\" class=\"ms-thumb\" src=\"https:\/\/alpsrentholidays.com\/wp-content\/uploads\/2020\/02\/location_chalet_Alpe_Huez-30-140x80.jpg\" alt=\"\" \/>\n\t<div class=\"ms-thumb\" ><div class=\"ms-tab-context\"><div class=\"&quot;ms-tab-context&quot;\"><\/div><\/div>\n<\/div>\n\t\t\t\t<\/div>\n\t\t\t\t<div  class=\"ms-slide\" data-delay=\"3\" data-fill-mode=\"fill\"  >\n\t\t\t\t\t<img decoding=\"async\" src=\"https:\/\/alpsrentholidays.com\/wp-content\/plugins\/master-slider\/public\/assets\/css\/blank.gif\" alt=\"\" title=\"\" data-src=\"https:\/\/alpsrentholidays.com\/wp-content\/uploads\/2020\/02\/location_chalet_Alpe_Huez-29.jpg\" \/>\n\n\t\t\t\t\t<div class=\"ms-info ms-info-empty\">&nbsp;<\/div>\n\n\n\t<img decoding=\"async\" class=\"ms-thumb\" src=\"https:\/\/alpsrentholidays.com\/wp-content\/uploads\/2020\/02\/location_chalet_Alpe_Huez-29-140x80.jpg\" alt=\"\" \/>\n\t<div class=\"ms-thumb\" ><div class=\"ms-tab-context\"><div class=\"&quot;ms-tab-context&quot;\"><\/div><\/div>\n<\/div>\n\t\t\t\t<\/div>\n\t\t\t\t<div  class=\"ms-slide\" data-delay=\"3\" data-fill-mode=\"fill\"  >\n\t\t\t\t\t<img decoding=\"async\" src=\"https:\/\/alpsrentholidays.com\/wp-content\/plugins\/master-slider\/public\/assets\/css\/blank.gif\" alt=\"\" title=\"\" data-src=\"https:\/\/alpsrentholidays.com\/wp-content\/uploads\/2020\/02\/location_chalet_Alpe_Huez-28.jpg\" \/>\n\n\t\t\t\t\t<div class=\"ms-info ms-info-empty\">&nbsp;<\/div>\n\n\n\t<img decoding=\"async\" class=\"ms-thumb\" src=\"https:\/\/alpsrentholidays.com\/wp-content\/uploads\/2020\/02\/location_chalet_Alpe_Huez-28-140x80.jpg\" alt=\"\" \/>\n\t<div class=\"ms-thumb\" ><div class=\"ms-tab-context\"><div class=\"&quot;ms-tab-context&quot;\"><\/div><\/div>\n<\/div>\n\t\t\t\t<\/div>\n\t\t\t\t<div  class=\"ms-slide\" data-delay=\"3\" data-fill-mode=\"fill\"  >\n\t\t\t\t\t<img decoding=\"async\" src=\"https:\/\/alpsrentholidays.com\/wp-content\/plugins\/master-slider\/public\/assets\/css\/blank.gif\" alt=\"\" title=\"\" data-src=\"https:\/\/alpsrentholidays.com\/wp-content\/uploads\/2020\/02\/location_chalet_Alpe_Huez-24.jpg\" \/>\n\n\t\t\t\t\t<div class=\"ms-info ms-info-empty\">&nbsp;<\/div>\n\n\n\t<img decoding=\"async\" class=\"ms-thumb\" src=\"https:\/\/alpsrentholidays.com\/wp-content\/uploads\/2020\/02\/location_chalet_Alpe_Huez-24-140x80.jpg\" alt=\"\" \/>\n\t<div class=\"ms-thumb\" ><div class=\"ms-tab-context\"><div class=\"&quot;ms-tab-context&quot;\"><\/div><\/div>\n<\/div>\n\t\t\t\t<\/div>\n\t\t\t\t<div  class=\"ms-slide\" data-delay=\"3\" data-fill-mode=\"fill\"  >\n\t\t\t\t\t<img decoding=\"async\" src=\"https:\/\/alpsrentholidays.com\/wp-content\/plugins\/master-slider\/public\/assets\/css\/blank.gif\" alt=\"\" title=\"\" data-src=\"https:\/\/alpsrentholidays.com\/wp-content\/uploads\/2020\/02\/location_chalet_Alpe_Huez-26.jpg\" \/>\n\n\t\t\t\t\t<div class=\"ms-info ms-info-empty\">&nbsp;<\/div>\n\n\n\t<img decoding=\"async\" class=\"ms-thumb\" src=\"https:\/\/alpsrentholidays.com\/wp-content\/uploads\/2020\/02\/location_chalet_Alpe_Huez-26-140x80.jpg\" alt=\"\" \/>\n\t<div class=\"ms-thumb\" ><div class=\"ms-tab-context\"><div class=\"&quot;ms-tab-context&quot;\"><\/div><\/div>\n<\/div>\n\t\t\t\t<\/div>\n\t\t\t\t<div  class=\"ms-slide\" data-delay=\"3\" data-fill-mode=\"fill\"  >\n\t\t\t\t\t<img decoding=\"async\" src=\"https:\/\/alpsrentholidays.com\/wp-content\/plugins\/master-slider\/public\/assets\/css\/blank.gif\" alt=\"\" title=\"\" data-src=\"https:\/\/alpsrentholidays.com\/wp-content\/uploads\/2020\/02\/location_chalet_Alpe_Huez-27.jpg\" \/>\n\n\t\t\t\t\t<div class=\"ms-info ms-info-empty\">&nbsp;<\/div>\n\n\n\t<img decoding=\"async\" class=\"ms-thumb\" src=\"https:\/\/alpsrentholidays.com\/wp-content\/uploads\/2020\/02\/location_chalet_Alpe_Huez-27-140x80.jpg\" alt=\"\" \/>\n\t<div class=\"ms-thumb\" ><div class=\"ms-tab-context\"><div class=\"&quot;ms-tab-context&quot;\"><\/div><\/div>\n<\/div>\n\t\t\t\t<\/div>\n\t\t\t\t<div  class=\"ms-slide\" data-delay=\"3\" data-fill-mode=\"fill\"  >\n\t\t\t\t\t<img decoding=\"async\" src=\"https:\/\/alpsrentholidays.com\/wp-content\/plugins\/master-slider\/public\/assets\/css\/blank.gif\" alt=\"\" title=\"\" data-src=\"https:\/\/alpsrentholidays.com\/wp-content\/uploads\/2020\/02\/location_chalet_Alpe_Huez-25.jpg\" \/>\n\n\t\t\t\t\t<div class=\"ms-info ms-info-empty\">&nbsp;<\/div>\n\n\n\t<img decoding=\"async\" class=\"ms-thumb\" src=\"https:\/\/alpsrentholidays.com\/wp-content\/uploads\/2020\/02\/location_chalet_Alpe_Huez-25-140x80.jpg\" alt=\"\" \/>\n\t<div class=\"ms-thumb\" ><div class=\"ms-tab-context\"><div class=\"&quot;ms-tab-context&quot;\"><\/div><\/div>\n<\/div>\n\t\t\t\t<\/div>\n\t\t\t\t<div  class=\"ms-slide\" data-delay=\"3\" data-fill-mode=\"fill\"  >\n\t\t\t\t\t<img decoding=\"async\" src=\"https:\/\/alpsrentholidays.com\/wp-content\/plugins\/master-slider\/public\/assets\/css\/blank.gif\" alt=\"\" title=\"\" data-src=\"https:\/\/alpsrentholidays.com\/wp-content\/uploads\/2020\/02\/location_chalet_Alpe_Huez-14.jpg\" \/>\n\n\t\t\t\t\t<div class=\"ms-info ms-info-empty\">&nbsp;<\/div>\n\n\n\t<img decoding=\"async\" class=\"ms-thumb\" src=\"https:\/\/alpsrentholidays.com\/wp-content\/uploads\/2020\/02\/location_chalet_Alpe_Huez-14-140x80.jpg\" alt=\"\" \/>\n\t<div class=\"ms-thumb\" ><div class=\"ms-tab-context\"><div class=\"&quot;ms-tab-context&quot;\"><\/div><\/div>\n<\/div>\n\t\t\t\t<\/div>\n\t\t\t\t<div  class=\"ms-slide\" data-delay=\"3\" data-fill-mode=\"fill\"  >\n\t\t\t\t\t<img decoding=\"async\" src=\"https:\/\/alpsrentholidays.com\/wp-content\/plugins\/master-slider\/public\/assets\/css\/blank.gif\" alt=\"\" title=\"\" data-src=\"https:\/\/alpsrentholidays.com\/wp-content\/uploads\/2020\/02\/location_chalet_Alpe_Huez-12.jpg\" \/>\n\n\t\t\t\t\t<div class=\"ms-info ms-info-empty\">&nbsp;<\/div>\n\n\n\t<img decoding=\"async\" class=\"ms-thumb\" src=\"https:\/\/alpsrentholidays.com\/wp-content\/uploads\/2020\/02\/location_chalet_Alpe_Huez-12-140x80.jpg\" alt=\"\" \/>\n\t<div class=\"ms-thumb\" ><div class=\"ms-tab-context\"><div class=\"&quot;ms-tab-context&quot;\"><\/div><\/div>\n<\/div>\n\t\t\t\t<\/div>\n\t\t\t\t<div  class=\"ms-slide\" data-delay=\"3\" data-fill-mode=\"fill\"  >\n\t\t\t\t\t<img decoding=\"async\" src=\"https:\/\/alpsrentholidays.com\/wp-content\/plugins\/master-slider\/public\/assets\/css\/blank.gif\" alt=\"\" title=\"\" data-src=\"https:\/\/alpsrentholidays.com\/wp-content\/uploads\/2020\/02\/location_chalet_Alpe_Huez-11.jpg\" \/>\n\n\t\t\t\t\t<div class=\"ms-info ms-info-empty\">&nbsp;<\/div>\n\n\n\t<img decoding=\"async\" class=\"ms-thumb\" src=\"https:\/\/alpsrentholidays.com\/wp-content\/uploads\/2020\/02\/location_chalet_Alpe_Huez-11-140x80.jpg\" alt=\"\" \/>\n\t<div class=\"ms-thumb\" ><div class=\"ms-tab-context\"><div class=\"&quot;ms-tab-context&quot;\"><\/div><\/div>\n<\/div>\n\t\t\t\t<\/div>\n\t\t\t\t<div  class=\"ms-slide\" data-delay=\"3\" data-fill-mode=\"fill\"  >\n\t\t\t\t\t<img decoding=\"async\" src=\"https:\/\/alpsrentholidays.com\/wp-content\/plugins\/master-slider\/public\/assets\/css\/blank.gif\" alt=\"\" title=\"\" data-src=\"https:\/\/alpsrentholidays.com\/wp-content\/uploads\/2020\/02\/location_chalet_Alpe_Huez-10.jpg\" \/>\n\n\t\t\t\t\t<div class=\"ms-info ms-info-empty\">&nbsp;<\/div>\n\n\n\t<img decoding=\"async\" class=\"ms-thumb\" src=\"https:\/\/alpsrentholidays.com\/wp-content\/uploads\/2020\/02\/location_chalet_Alpe_Huez-10-140x80.jpg\" alt=\"\" \/>\n\t<div class=\"ms-thumb\" ><div class=\"ms-tab-context\"><div class=\"&quot;ms-tab-context&quot;\"><\/div><\/div>\n<\/div>\n\t\t\t\t<\/div>\n\t\t\t\t<div  class=\"ms-slide\" data-delay=\"3\" data-fill-mode=\"fill\"  >\n\t\t\t\t\t<img decoding=\"async\" src=\"https:\/\/alpsrentholidays.com\/wp-content\/plugins\/master-slider\/public\/assets\/css\/blank.gif\" alt=\"\" title=\"\" data-src=\"https:\/\/alpsrentholidays.com\/wp-content\/uploads\/2020\/02\/location_chalet_Alpe_Huez-9.jpg\" \/>\n\n\t\t\t\t\t<div class=\"ms-info ms-info-empty\">&nbsp;<\/div>\n\n\n\t<img decoding=\"async\" class=\"ms-thumb\" src=\"https:\/\/alpsrentholidays.com\/wp-content\/uploads\/2020\/02\/location_chalet_Alpe_Huez-9-140x80.jpg\" alt=\"\" \/>\n\t<div class=\"ms-thumb\" ><div class=\"ms-tab-context\"><div class=\"&quot;ms-tab-context&quot;\"><\/div><\/div>\n<\/div>\n\t\t\t\t<\/div>\n\t\t\t\t<div  class=\"ms-slide\" data-delay=\"3\" data-fill-mode=\"fill\"  >\n\t\t\t\t\t<img decoding=\"async\" src=\"https:\/\/alpsrentholidays.com\/wp-content\/plugins\/master-slider\/public\/assets\/css\/blank.gif\" alt=\"\" title=\"\" data-src=\"https:\/\/alpsrentholidays.com\/wp-content\/uploads\/2020\/02\/location_chalet_Alpe_Huez-8.jpg\" \/>\n\n\t\t\t\t\t<div class=\"ms-info ms-info-empty\">&nbsp;<\/div>\n\n\n\t<img decoding=\"async\" class=\"ms-thumb\" src=\"https:\/\/alpsrentholidays.com\/wp-content\/uploads\/2020\/02\/location_chalet_Alpe_Huez-8-140x80.jpg\" alt=\"\" \/>\n\t<div class=\"ms-thumb\" ><div class=\"ms-tab-context\"><div class=\"&quot;ms-tab-context&quot;\"><\/div><\/div>\n<\/div>\n\t\t\t\t<\/div>\n\t\t\t\t<div  class=\"ms-slide\" data-delay=\"3\" data-fill-mode=\"fill\"  >\n\t\t\t\t\t<img decoding=\"async\" src=\"https:\/\/alpsrentholidays.com\/wp-content\/plugins\/master-slider\/public\/assets\/css\/blank.gif\" alt=\"\" title=\"\" data-src=\"https:\/\/alpsrentholidays.com\/wp-content\/uploads\/2020\/02\/location_chalet_Alpe_Huez-7.jpg\" \/>\n\n\t\t\t\t\t<div class=\"ms-info ms-info-empty\">&nbsp;<\/div>\n\n\n\t<img decoding=\"async\" class=\"ms-thumb\" src=\"https:\/\/alpsrentholidays.com\/wp-content\/uploads\/2020\/02\/location_chalet_Alpe_Huez-7-140x80.jpg\" alt=\"\" \/>\n\t<div class=\"ms-thumb\" ><div class=\"ms-tab-context\"><div class=\"&quot;ms-tab-context&quot;\"><\/div><\/div>\n<\/div>\n\t\t\t\t<\/div>\n\t\t\t\t<div  class=\"ms-slide\" data-delay=\"3\" data-fill-mode=\"fill\"  >\n\t\t\t\t\t<img decoding=\"async\" src=\"https:\/\/alpsrentholidays.com\/wp-content\/plugins\/master-slider\/public\/assets\/css\/blank.gif\" alt=\"\" title=\"\" data-src=\"https:\/\/alpsrentholidays.com\/wp-content\/uploads\/2020\/02\/location_chalet_Alpe_Huez-4.jpg\" \/>\n\n\t\t\t\t\t<div class=\"ms-info ms-info-empty\">&nbsp;<\/div>\n\n\n\t<img decoding=\"async\" class=\"ms-thumb\" src=\"https:\/\/alpsrentholidays.com\/wp-content\/uploads\/2020\/02\/location_chalet_Alpe_Huez-4-140x80.jpg\" alt=\"\" \/>\n\t<div class=\"ms-thumb\" ><div class=\"ms-tab-context\"><div class=\"&quot;ms-tab-context&quot;\"><\/div><\/div>\n<\/div>\n\t\t\t\t<\/div>\n\t\t\t\t<div  class=\"ms-slide\" data-delay=\"3\" data-fill-mode=\"fill\"  >\n\t\t\t\t\t<img decoding=\"async\" src=\"https:\/\/alpsrentholidays.com\/wp-content\/plugins\/master-slider\/public\/assets\/css\/blank.gif\" alt=\"\" title=\"\" data-src=\"https:\/\/alpsrentholidays.com\/wp-content\/uploads\/2020\/02\/location_chalet_Alpe_Huez-6.jpg\" \/>\n\n\t\t\t\t\t<div class=\"ms-info ms-info-empty\">&nbsp;<\/div>\n\n\n\t<img decoding=\"async\" class=\"ms-thumb\" src=\"https:\/\/alpsrentholidays.com\/wp-content\/uploads\/2020\/02\/location_chalet_Alpe_Huez-6-140x80.jpg\" alt=\"\" \/>\n\t<div class=\"ms-thumb\" ><div class=\"ms-tab-context\"><div class=\"&quot;ms-tab-context&quot;\"><\/div><\/div>\n<\/div>\n\t\t\t\t<\/div>\n\n\t\t\t<\/div>\n\t\t\t<!-- END MasterSlider Main -->\n\n\t\t\t \n\t\t<\/div>\n\t\t<!-- END MasterSlider -->\n\n\t\t<script>\n\t\t(function ( $ ) {\n\t\t\t\"use strict\";\n\n\t\t\t$(function () {\n\t\t\t\tvar masterslider_61da = new MasterSlider();\n\n\t\t\t\t\/\/ slider controls\n\t\t\t\tmasterslider_61da.control('arrows'     ,{ autohide:false, overVideo:true  });\n\t\t\t\tmasterslider_61da.control('thumblist'  ,{ autohide:false, overVideo:true, dir:'h', speed:17, inset:false, arrows:false, hover:false, customClass:'', align:'bottom',type:'thumbs', margin:5, width:140, height:80, space:5, fillMode:'fill'  });\n\t\t\t\tmasterslider_61da.control('slideinfo'  ,{ autohide:false, overVideo:true, dir:'h', align:'bottom',inset:true , margin:15   });\n\t\t\t\t\/\/ slider setup\n\t\t\t\tmasterslider_61da.setup(\"MS69f2a4b1161da\", {\n\t\t\t\t\t\twidth           : 1024,\n\t\t\t\t\t\theight          : 768,\n\t\t\t\t\t\tminHeight       : 600,\n\t\t\t\t\t\tspace           : 1,\n\t\t\t\t\t\tstart           : 1,\n\t\t\t\t\t\tgrabCursor      : true,\n\t\t\t\t\t\tswipe           : true,\n\t\t\t\t\t\tmouse           : true,\n\t\t\t\t\t\tlayout          : \"boxed\",\n\t\t\t\t\t\twheel           : true,\n\t\t\t\t\t\tautoplay        : false,\n\t\t\t\t\t\tinstantStartLayers:false,\n\t\t\t\t\t\tloop            : true,\n\t\t\t\t\t\tshuffle         : false,\n\t\t\t\t\t\tpreload         : 0,\n\t\t\t\t\t\theightLimit     : true,\n\t\t\t\t\t\tautoHeight      : true,\n\t\t\t\t\t\tsmoothHeight    : true,\n\t\t\t\t\t\tendPause        : false,\n\t\t\t\t\t\toverPause       : true,\n\t\t\t\t\t\tfillMode        : \"fill\",\n\t\t\t\t\t\tcenterControls  : false,\n\t\t\t\t\t\tstartOnAppear   : false,\n\t\t\t\t\t\tlayersMode      : \"center\",\n\t\t\t\t\t\thideLayers      : false,\n\t\t\t\t\t\tfullscreenMargin: 0,\n\t\t\t\t\t\tspeed           : 20,\n\t\t\t\t\t\tdir             : \"h\",\n\t\t\t\t\t\tparallaxMode    : 'swipe',\n\t\t\t\t\t\tview            : \"basic\"\n\t\t\t\t});\n\n\t\t\t\t\n\t\t\t\twindow.masterslider_instances = window.masterslider_instances || [];\n\t\t\t\twindow.masterslider_instances.push( masterslider_61da );\n\t\t\t });\n\n\t\t})(jQuery);\n\t\t<\/script>\n\n[\/vc_column_text][\/vc_column][\/vc_row][vc_row][vc_column][\/vc_column][\/vc_row][vc_row][vc_column][vc_tta_tabs alignment=\u00a0\u00bbcenter\u00a0\u00bb active_section=\u00a0\u00bb1&Prime;][vc_tta_section i_icon_fontawesome=\u00a0\u00bbfa fa-map-marker\u00a0\u00bb add_icon=\u00a0\u00bbtrue\u00a0\u00bb title=\u00a0\u00bbLocalisation\u00a0\u00bb tab_id=\u00a0\u00bb1492528050771-6121ab1e-22a9&Prime;]<div class=\"grve-map-wrapper\"><div class=\"grve-element grve-map\" data-lat=\"45.090955\" data-lng=\"6.070611\" data-zoom=\"14\" data-disable-style=\"no\" style=\"height: 400px;\"><\/div>  <div style=\"display:none\" class=\"grve-map-point\" data-point-marker=\"\/\/alpsrentholidays.com\/wp-content\/themes\/movedo\/images\/markers\/markers.png\" data-point-lat=\"45.090955\" data-point-lng=\"6.070611\" data-point-title=\"\" data-point-type=\"image\" data-point-marker-width=\"38\" data-point-marker-height=\"60\"><\/div><\/div>[\/vc_tta_section][vc_tta_section i_icon_fontawesome=\u00a0\u00bbfa fa-home\u00a0\u00bb add_icon=\u00a0\u00bbtrue\u00a0\u00bb title=\u00a0\u00bbDescription\u00a0\u00bb tab_id=\u00a0\u00bb1492527924909-4b22f02e-eaf7&Prime;][vc_row_inner][vc_column_inner width=\u00a0\u00bb1\/6&Prime;][\/vc_column_inner][vc_column_inner width=\u00a0\u00bb2\/3&Prime;][vc_column_text]Dans le haut de la station (j6) id\u00e9alement situ\u00e9 dans un chalet r\u00e9cent et r\u00e9nov\u00e9 en automne 2019 tr\u00e8s bel appartement de 60 m2 avec beau s\u00e9jour, cuisine super \u00e9quip\u00e9e. 2 chambres et au total 8 couchages mais lou\u00e9 pour 6 pers maximum.<\/p>\n<p>Directement \u00e0 proximit\u00e9 des pistes du berger (150 m), de l&rsquo;\u00e9cole de ski, de la rue commer\u00e7ante principale (200 m), du centre sportif et culturel des piscines et patinoires (200 m)<\/p>\n<p>Belle terrasse orient\u00e9 sud avec acc\u00e8s au jardin<br \/>\nSalon avec \u00e9cran Led.<br \/>\nCuisine hyper \u00e9quip\u00e9e : grand frigo, r\u00e9frig\u00e9rateur, four, Microonde, lave-vaisselle, taque vitro, lave-linge, s\u00e8che-linge<br \/>\nChambre avec grand lit 160 et avec \u00e9cran Led<br \/>\nChambre avec 4 lits de 80 ou 2 lits de 80 et 1 lit de 160<br \/>\nCanap\u00e9 confortable qui se d\u00e9plie en 1 lit de 160<br \/>\n2 salles d\u2019eau ; une avec bain douche et l&rsquo;autre avec douche<br \/>\n2 WC<br \/>\nCasier \u00e0 ski<br \/>\nParking voitures devant le chalet<br \/>\nWifi (option payante \u00e0 15 \u20ac par semaine)<br \/>\nPiscine int\u00e9rieure du centre sportif \u00e0 200 m<br \/>\nPiscine ext\u00e9rieure chauff\u00e9e \u00e0 200 m<br \/>\nCentre de fitness du centre sportif \u00e0 200 m gratuit avec forfait<br \/>\nDraps de lit, housse de couette et serviettes de bain disponible sur demande en location ainsi que la possibilit\u00e9 de lits fait \u00e0 l\u2019arriv\u00e9e<br \/>\nNettoyage de fin de s\u00e9jour (95 \u20ac)<\/p>\n<p>Tous les services, la remise des clefs et le contr\u00f4le de l\u2019appartement est assur\u00e9 par une conciergerie sur place.<\/p>\n<p>En hivers l\u2019Alpe d\u2019Huez offre le plus beau domaine skiable des Alpes avec des pistes de toutes difficult\u00e9s et les plus longues pistes d\u2019Europe (16 km).<\/p>\n<p>De longues pistes de ski de fond sont font \u00e9galement partie du programme de l\u2019alpe<\/p>\n<p>En \u00e9t\u00e9 l\u2019Alpes d\u2019Huez offre un tr\u00e8s grand nombre d\u2019activit\u00e9s sportives ainsi que de nombreuses promenades[\/vc_column_text][\/vc_column_inner][vc_column_inner width=\u00a0\u00bb1\/6&Prime;][\/vc_column_inner][\/vc_row_inner][\/vc_tta_section][vc_tta_section i_icon_fontawesome=\u00a0\u00bbfa fa-wpforms\u00a0\u00bb add_icon=\u00a0\u00bbtrue\u00a0\u00bb title=\u00a0\u00bb\u00c9quipements\u00a0\u00bb tab_id=\u00a0\u00bb1492527924965-d00d2ae7-35ad\u00a0\u00bb][vc_row_inner][vc_column_inner width=\u00a0\u00bb1\/6&Prime;][\/vc_column_inner][vc_column_inner width=\u00a0\u00bb2\/3&Prime;][vc_column_text]<\/p>\n<p style=\"text-align: center;\">\n<table id=\"tablepress-2\" class=\"tablepress tablepress-id-2\">\n<thead>\n<tr class=\"row-1\">\n\t<td class=\"column-1\"><\/td><td class=\"column-2\"><\/td>\n<\/tr>\n<\/thead>\n<tbody class=\"row-striping row-hover\">\n<tr class=\"row-2\">\n\t<td class=\"column-1\">Type de propri\u00e9t\u00e9:<\/td><td class=\"column-2\">Villa<\/td>\n<\/tr>\n<tr class=\"row-3\">\n\t<td class=\"column-1\">Repas:<\/td><td class=\"column-2\">Repas non propos\u00e9<\/td>\n<\/tr>\n<tr class=\"row-4\">\n\t<td class=\"column-1\">Service m\u00e9nagers:<\/td><td class=\"column-2\">M\u00e9nage Optionnel<\/td>\n<\/tr>\n<tr class=\"row-5\">\n\t<td class=\"column-1\">Superficie:<\/td><td class=\"column-2\">110 m\u00b2<\/td>\n<\/tr>\n<tr class=\"row-6\">\n\t<td class=\"column-1\">R\u00e8glement int\u00e9rieur:<\/td><td class=\"column-2\">Occupants maximums:\u00a06<br \/>\nLocation non-fumeur<br \/>\nEnfants bienvenus<\/td>\n<\/tr>\n<tr class=\"row-7\">\n\t<td class=\"column-1\">Type de destination:<\/td><td class=\"column-2\">Plage<br \/>\nBord de mer<\/td>\n<\/tr>\n<tr class=\"row-8\">\n\t<td class=\"column-1\">Autres:<\/td><td class=\"column-2\">Climatisation<br \/>\nS\u00e8che-cheveux<br \/>\nChauffage<br \/>\nAcc\u00e8s internet\u00a0...<br \/>\nLinge de maison fourni\u00a0...<br \/>\nSalon<br \/>\nParking\u00a0...<br \/>\nServiettes de bain\u00a0...<br \/>\nMachine \u00e0 laver<\/td>\n<\/tr>\n<tr class=\"row-9\">\n\t<td class=\"column-1\">Cuisine:<\/td><td class=\"column-2\">Cafeti\u00e8re<br \/>\nVaisselle et Couverts<br \/>\nLave-vaisselle<br \/>\nCuisine<br \/>\nFour micro-ondes<br \/>\nFour<br \/>\nFonds de Cuisine<br \/>\nR\u00e9frig\u00e9rateur<br \/>\nPlaque de cuisson<br \/>\nGrille-pain<\/td>\n<\/tr>\n<tr class=\"row-10\">\n\t<td class=\"column-1\">Salle \u00e0 manger:<\/td><td class=\"column-2\">Salle \u00e0 manger<br \/>\nSalle \u00e0 manger<br \/>\n8 places assises<\/td>\n<\/tr>\n<tr class=\"row-11\">\n\t<td class=\"column-1\">Salle(s) de bain:<\/td><td class=\"column-2\">2\u00a0Salles de bain <br \/>\nSalle de Bain 1 - WC , Douche\u00a0 <br \/>\nSalle de Bain 2 - WC , Douche\u00a0 <\/td>\n<\/tr>\n<tr class=\"row-12\">\n\t<td class=\"column-1\">Chambre(s):<\/td><td class=\"column-2\">3 Chambres, pour 6 personnes <br \/>\nChambre 1 - 1 Grand lit double\u00a0 <br \/>\nChambre 3 - 2 Lit simple\u00a0 <br \/>\nChambre 2 - 1 Grand lit double , GRAND LIT DOUBLE SE SEPARE EN 2 LITS SIMPLES\u00a0<\/td>\n<\/tr>\n<tr class=\"row-13\">\n\t<td class=\"column-1\">Equipements de loisirs:<\/td><td class=\"column-2\">Cable\/Satellite<br \/>\nCha\u00eene Hi-Fi<br \/>\nT\u00e9l\u00e9viseur\u00a0\u2026<\/td>\n<\/tr>\n<tr class=\"row-14\">\n\t<td class=\"column-1\">A l'ext\u00e9rieur:<\/td><td class=\"column-2\">B\u00e2teau\u00a0... <br \/>\nTerrasse <br \/>\nGolf\u00a0... <br \/>\nJardin <br \/>\nBarbecue <br \/>\nTennis\u00a0... <\/td>\n<\/tr>\n<tr class=\"row-15\">\n\t<td class=\"column-1\">Divers:<\/td><td class=\"column-2\">Location longue dur\u00e9e possible<\/td>\n<\/tr>\n<tr class=\"row-16\">\n\t<td class=\"column-1\">Piscine:<\/td><td class=\"column-2\">Piscine chauff\u00e9e<br \/>\nPiscine priv\u00e9e<\/td>\n<\/tr>\n<tr class=\"row-17\">\n\t<td class=\"column-1\">Attractions Touristiques:<\/td><td class=\"column-2\">Baie<br \/>\nMarina<br \/>\nCentre de loisirs<br \/>\nRestaurants<br \/>\nParcs aquatiques<\/td>\n<\/tr>\n<tr class=\"row-18\">\n\t<td class=\"column-1\">Loisirs:<\/td><td class=\"column-2\">Bowling<br \/>\nDisco club<br \/>\nEco-Tourisme<br \/>\nShopping<br \/>\nP\u00e9dalos<br \/>\nBalades en voiture<br \/>\nMarche \u00e0 pied<br \/>\nSports d'eau<\/td>\n<\/tr>\n<tr class=\"row-19\">\n\t<td class=\"column-1\">Autres Services:<\/td><td class=\"column-2\">Fitness Center<\/td>\n<\/tr>\n<tr class=\"row-20\">\n\t<td class=\"column-1\">Sports &amp; Loisirs \u00e0 proximit\u00e9:<\/td><td class=\"column-2\">Cyclisme<br \/>\nP\u00eache<br \/>\nGolf<br \/>\nForfait Golf (Optionnel)<br \/>\nRandonn\u00e9e<br \/>\nJet-Ski<br \/>\nVTT<br \/>\nP\u00eache de ponton<br \/>\nRoller<br \/>\nVoile<br \/>\nPlong\u00e9e<br \/>\nPlong\u00e9e avec tuba<br \/>\nP\u00eache coti\u00e8re<br \/>\nP\u00eache \u00e0 la ligne<br \/>\nBaignade<br \/>\nTennis<br \/>\nSki nautique<br \/>\nBou\u00e9e tract\u00e9e<br \/>\nPlanche \u00e0 voile<\/td>\n<\/tr>\n<\/tbody>\n<\/table>\n<!-- #tablepress-2 from cache --><\/p>\n<p>[\/vc_column_text][\/vc_column_inner][vc_column_inner width=\u00a0\u00bb1\/6&Prime;][\/vc_column_inner][\/vc_row_inner][\/vc_tta_section][vc_tta_section i_icon_fontawesome=\u00a0\u00bbfa fa-clock-o\u00a0\u00bb add_icon=\u00a0\u00bbtrue\u00a0\u00bb title=\u00a0\u00bbDisponibilit\u00e9s\u00a0\u00bb tab_id=\u00a0\u00bb1492613903617-bedc6670-007d\u00a0\u00bb][vc_widget_sidebar sidebar_id=\u00a0\u00bbgrve-footer-2-sidebar\u00a0\u00bb][\/vc_tta_section][vc_tta_section i_icon_fontawesome=\u00a0\u00bbfa fa-eur\u00a0\u00bb add_icon=\u00a0\u00bbtrue\u00a0\u00bb title=\u00a0\u00bbTarifs\u00a0\u00bb tab_id=\u00a0\u00bb1492528792300-09291134-6cdd\u00a0\u00bb el_class=\u00a0\u00bbeuro\u00a0\u00bb][vc_row_inner][vc_column_inner width=\u00a0\u00bb1\/6&Prime;][\/vc_column_inner][vc_column_inner width=\u00a0\u00bb2\/3&Prime;]<h3 class=\"grve-element grve-title grve-align-left grve-h3\" style=\"\"><span><br>\n<h3>P\u00e9riode Tarifaires<\/h3>\n<span class=\"grve-title-line grve-bg-primary-1\" style=\"width: 50px;height: 2px;\"><\/span><\/span><\/h3>[vc_column_text]\n<table id=\"tablepress-23\" class=\"tablepress tablepress-id-23\">\n<thead>\n<tr class=\"row-1\">\n\t<td class=\"column-1\"><\/td><td class=\"column-2\"><\/td><td class=\"column-3\"><\/td>\n<\/tr>\n<\/thead>\n<tbody class=\"row-striping row-hover\">\n<tr class=\"row-2\">\n\t<td class=\"column-1\">Du<\/td><td class=\"column-2\">Au<\/td><td class=\"column-3\">Prix (par nuit)<\/td>\n<\/tr>\n<tr class=\"row-3\">\n\t<td class=\"column-1\">14 d\u00e9cembre 2019<\/td><td class=\"column-2\">21 d\u00e9cembre 2019<\/td><td class=\"column-3\">112,00\u00a0\u20ac<\/td>\n<\/tr>\n<tr class=\"row-4\">\n\t<td class=\"column-1\">21 d\u00e9cembre 2019<\/td><td class=\"column-2\">28 d\u00e9cembre 2019<\/td><td class=\"column-3\">250,00\u00a0\u20ac<\/td>\n<\/tr>\n<tr class=\"row-5\">\n\t<td class=\"column-1\">28 d\u00e9cembre 2019<\/td><td class=\"column-2\">4 janvier 2020<\/td><td class=\"column-3\">342,00\u00a0\u20ac<\/td>\n<\/tr>\n<tr class=\"row-6\">\n\t<td class=\"column-1\">4 janvier 2020<\/td><td class=\"column-2\">11 janvier 2020<\/td><td class=\"column-3\">127,00\u00a0\u20ac<\/td>\n<\/tr>\n<tr class=\"row-7\">\n\t<td class=\"column-1\">11 janvier 2020<\/td><td class=\"column-2\">18 janvier 2020<\/td><td class=\"column-3\">143,00\u00a0\u20ac<\/td>\n<\/tr>\n<tr class=\"row-8\">\n\t<td class=\"column-1\">18 janvier 2020<\/td><td class=\"column-2\">25 janvier 2020<\/td><td class=\"column-3\">143,00\u00a0\u20ac<\/td>\n<\/tr>\n<tr class=\"row-9\">\n\t<td class=\"column-1\">25 janvier 2020<\/td><td class=\"column-2\">1 f\u00e9vrier 2020<\/td><td class=\"column-3\">157,00\u00a0\u20ac<\/td>\n<\/tr>\n<tr class=\"row-10\">\n\t<td class=\"column-1\">1 f\u00e9vrier 2020<\/td><td class=\"column-2\">8 f\u00e9vrier 2020<\/td><td class=\"column-3\">170,00\u00a0\u20ac<\/td>\n<\/tr>\n<tr class=\"row-11\">\n\t<td class=\"column-1\">8 f\u00e9vrier 2020<\/td><td class=\"column-2\">15 f\u00e9vrier 2020<\/td><td class=\"column-3\">285,00\u00a0\u20ac<\/td>\n<\/tr>\n<tr class=\"row-12\">\n\t<td class=\"column-1\">15 f\u00e9vrier 2020<\/td><td class=\"column-2\">22 f\u00e9vrier 2020<\/td><td class=\"column-3\">342,00\u00a0\u20ac<\/td>\n<\/tr>\n<tr class=\"row-13\">\n\t<td class=\"column-1\">22 f\u00e9vrier 2020<\/td><td class=\"column-2\">29 f\u00e9vrier 2020<\/td><td class=\"column-3\">342,00\u00a0\u20ac<\/td>\n<\/tr>\n<tr class=\"row-14\">\n\t<td class=\"column-1\">29 f\u00e9vrier 2020<\/td><td class=\"column-2\">7 mars 2020<\/td><td class=\"column-3\">285,00\u00a0\u20ac<\/td>\n<\/tr>\n<tr class=\"row-15\">\n\t<td class=\"column-1\">7 mars 2020<\/td><td class=\"column-2\">14 mars 2020<\/td><td class=\"column-3\">178,00\u00a0\u20ac<\/td>\n<\/tr>\n<tr class=\"row-16\">\n\t<td class=\"column-1\">14 mars 2020<\/td><td class=\"column-2\">21 mars 2020<\/td><td class=\"column-3\">178,00\u00a0\u20ac<\/td>\n<\/tr>\n<tr class=\"row-17\">\n\t<td class=\"column-1\">21 mars 2020<\/td><td class=\"column-2\">28 mars 2020<\/td><td class=\"column-3\">157,00\u00a0\u20ac<\/td>\n<\/tr>\n<tr class=\"row-18\">\n\t<td class=\"column-1\">28 mars 2020<\/td><td class=\"column-2\">4 avril 2020<\/td><td class=\"column-3\">157,00\u00a0\u20ac<\/td>\n<\/tr>\n<tr class=\"row-19\">\n\t<td class=\"column-1\">4 avril 2020<\/td><td class=\"column-2\">11 avril 2020<\/td><td class=\"column-3\">143,00\u00a0\u20ac<\/td>\n<\/tr>\n<tr class=\"row-20\">\n\t<td class=\"column-1\">11 avril 2020<\/td><td class=\"column-2\">18 avril 2020<\/td><td class=\"column-3\">143,00\u00a0\u20ac<\/td>\n<\/tr>\n<tr class=\"row-21\">\n\t<td class=\"column-1\">18 avril 2020<\/td><td class=\"column-2\">25 avril 2020<\/td><td class=\"column-3\">143,00\u00a0\u20ac<\/td>\n<\/tr>\n<tr class=\"row-22\">\n\t<td class=\"column-1\">29 mai 2020<\/td><td class=\"column-2\">6 juin 2020<\/td><td class=\"column-3\">127,00\u00a0\u20ac<\/td>\n<\/tr>\n<tr class=\"row-23\">\n\t<td class=\"column-1\">29 juin 2020<\/td><td class=\"column-2\">6 juillet 2020<\/td><td class=\"column-3\">85,00\u00a0\u20ac<\/td>\n<\/tr>\n<tr class=\"row-24\">\n\t<td class=\"column-1\">6 juillet 2020<\/td><td class=\"column-2\">31 ao\u00fbt 2020<\/td><td class=\"column-3\">85,00\u00a0\u20ac<\/td>\n<\/tr>\n<\/tbody>\n<\/table>\n<!-- #tablepress-23 from cache --><\/p>\n<p><strong>7 nuit\u00e9es minimum<\/strong>[\/vc_column_text]<h3 class=\"grve-element grve-title grve-align-left grve-h3\" style=\"\"><span><br>\n<h3>Informations suppl\u00e9mentaires<\/h3>\n<span class=\"grve-title-line grve-bg-primary-1\" style=\"width: 50px;height: 2px;\"><\/span><\/span><\/h3>[vc_column_text]\n<table id=\"tablepress-4\" class=\"tablepress tablepress-id-4\">\n<tbody class=\"row-striping row-hover\">\n<tr class=\"row-1\">\n\t<td class=\"column-1\"><\/td><td class=\"column-2\"><\/td>\n<\/tr>\n<tr class=\"row-2\">\n\t<td class=\"column-1\">Animaux autoris\u00e9s <\/td><td class=\"column-2\">50 \u20ac petits chiens ou    100 \u20ac grands chien<\/td>\n<\/tr>\n<tr class=\"row-3\">\n\t<td class=\"column-1\">Caution remboursable <\/td><td class=\"column-2\">500 \u20ac<\/td>\n<\/tr>\n<tr class=\"row-4\">\n\t<td class=\"column-1\">Frais de nettoyage <\/td><td class=\"column-2\">95 \u20ac<\/td>\n<\/tr>\n<tr class=\"row-5\">\n\t<td class=\"column-1\">options et suppl\u00e9ments:<\/td><td class=\"column-2\">Caution 500 \u20ac payable avant l'arriv\u00e9e et rembours\u00e9e dans les 10 jours apr\u00e8s le d\u00e9part<\/td>\n<\/tr>\n<\/tbody>\n<\/table>\n<!-- #tablepress-4 from cache --><\/p>\n<p><strong>Les r\u00e9servations annul\u00e9es au moins 60 jours avant le d\u00e9but du s\u00e9jour pourront \u00eatre rembours\u00e9es \u00e0 hauteur de 100%.<\/strong>[\/vc_column_text][\/vc_column_inner][vc_column_inner width=\u00a0\u00bb1\/6&Prime;][\/vc_column_inner][\/vc_row_inner][\/vc_tta_section][vc_tta_section i_icon_fontawesome=\u00a0\u00bbfa fa-address-book-o\u00a0\u00bb add_icon=\u00a0\u00bbtrue\u00a0\u00bb title=\u00a0\u00bbT\u00e9moignages\u00a0\u00bb tab_id=\u00a0\u00bb1539862796468-4e2ff0c2-2b03&Prime;][vc_row_inner][vc_column_inner width=\u00a0\u00bb1\/6&Prime;][\/vc_column_inner][vc_column_inner width=\u00a0\u00bb2\/3&Prime;]<div class=\"grve-empty-space grve-height-1x\" style=\"\"><\/div>\t\t\t<div class=\"grve-element grve-testimonial grve-with-gap grve-layout-3 grve-isotope\" style=\"\" data-columns=\"2\" data-columns-large-screen=\"2\" data-columns-tablet-landscape=\"2\" data-columns-tablet-portrait=\"2\" data-columns-mobile=\"1\" data-layout=\"masonry\" data-gutter-size=\"40\">\r\n\r\n\t\t\t\t\t\t\t\t<div class=\"grve-isotope-container\">\r\n\t\t\t\t\r\n\t\t\t\t\t\t<div class=\"grve-isotope-item grve-testimonial-item post-635 testimonial type-testimonial status-publish hentry testimonial_category-appartement-alpes-dhuez\">\r\n\t\t\t\t\t<div class=\"grve-isotope-item-inner grve-zoom-in\">\r\n\t\t\t\t\t\t<div class=\"grve-testimonial-element grve-box-item grve-bg-none\">\r\n\t\t\t\t\t\t\t<div class=\"grve-testimonial-content\">\r\n\t\t\t\t\t\t\t\t<h3>Emplacement fantastique, promenade facile vers la pente et la rue principale<\/h3>\n<p>Magnifique appartement. Beaucoup d&rsquo;espace, les installations \u00e9taient bonnes, tr\u00e8s heureux de rester encore<\/p>\n<p>Michele B.<\/p>\n\t\t\t\t\t\t\t<\/div>\r\n\t\t\t\t\t\t\t<div class=\"grve-testimonial-author\">\r\n\t\t\t\t\t\t\t\t\t\t\t\t\t\t\t\t\t\t\t\t\t\t\t<\/div>\r\n\t\t\t\t\t\t<\/div>\r\n\t\t\t\t\t<\/div>\r\n\t\t\t\t<\/div>\r\n\r\n\t\t\t\t\t\t<div class=\"grve-isotope-item grve-testimonial-item post-634 testimonial type-testimonial status-publish hentry\">\r\n\t\t\t\t\t<div class=\"grve-isotope-item-inner grve-zoom-in\">\r\n\t\t\t\t\t\t<div class=\"grve-testimonial-element grve-box-item grve-bg-none\">\r\n\t\t\t\t\t\t\t<div class=\"grve-testimonial-content\">\r\n\t\t\t\t\t\t\t\t<h3>Tr\u00e8s bien situ\u00e9 et appartement familial<\/h3>\n<p>Nous avons grandement appr\u00e9ci\u00e9 notre s\u00e9jour dans cet appartement. C&rsquo;\u00e9tait une courte promenade sur les pistes et a un acc\u00e8s facile \u00e0 toutes les commodit\u00e9s \u00e0 Alpe D&rsquo;Huez. L&rsquo;appartement \u00e9tait propre, bien \u00e9quip\u00e9 et parfait pour nous en famille. L&rsquo;espace de stationnement d\u00e9di\u00e9 et le casier \u00e0 ski \u00e9taient un bonus.<\/p>\n<p>Paula N.<\/p>\n\t\t\t\t\t\t\t<\/div>\r\n\t\t\t\t\t\t\t<div class=\"grve-testimonial-author\">\r\n\t\t\t\t\t\t\t\t\t\t\t\t\t\t\t\t\t\t\t\t\t\t\t<\/div>\r\n\t\t\t\t\t\t<\/div>\r\n\t\t\t\t\t<\/div>\r\n\t\t\t\t<\/div>\r\n\r\n\t\t\t\t\t\t<div class=\"grve-isotope-item grve-testimonial-item post-633 testimonial type-testimonial status-publish hentry\">\r\n\t\t\t\t\t<div class=\"grve-isotope-item-inner grve-zoom-in\">\r\n\t\t\t\t\t\t<div class=\"grve-testimonial-element grve-box-item grve-bg-none\">\r\n\t\t\t\t\t\t\t<div class=\"grve-testimonial-content\">\r\n\t\t\t\t\t\t\t\t<h3>Fantastique!!<\/p>\n<p>L&rsquo;endroit le plus parfait @Alpe d&rsquo;Huez.<\/h3>\n<p>Propre, grand, luxueux enti\u00e8rement meubl\u00e9 et beaucoup d&rsquo;appareils de cuisine. 2 salles de bain et 2 toilettes.<\/p>\n<p>Les 2 chambres sont belles et spacieuses avec plus de placards. Les lits sont tr\u00e8s confortables, nous avons dormi comme des b\u00e9b\u00e9s. L&#8217;emplacement est absolument parfait.<\/p>\n<p>Le propri\u00e9taire est tr\u00e8s sympathique et r\u00e9pond aux questions tr\u00e8s rapidement.<\/p>\n<p>Notre maison pr\u00e9f\u00e9r\u00e9e loin de chez nous !!<\/p>\n<p>Marita S.<\/p>\n\t\t\t\t\t\t\t<\/div>\r\n\t\t\t\t\t\t\t<div class=\"grve-testimonial-author\">\r\n\t\t\t\t\t\t\t\t\t\t\t\t\t\t\t\t\t\t\t\t\t\t\t<\/div>\r\n\t\t\t\t\t\t<\/div>\r\n\t\t\t\t\t<\/div>\r\n\t\t\t\t<\/div>\r\n\r\n\t\t\t\t\t\t<div class=\"grve-isotope-item grve-testimonial-item post-632 testimonial type-testimonial status-publish hentry\">\r\n\t\t\t\t\t<div class=\"grve-isotope-item-inner grve-zoom-in\">\r\n\t\t\t\t\t\t<div class=\"grve-testimonial-element grve-box-item grve-bg-none\">\r\n\t\t\t\t\t\t\t<div class=\"grve-testimonial-content\">\r\n\t\t\t\t\t\t\t\t<h3>Tr\u00e8s bel appartement<\/h3>\n<p>Tr\u00e8s bel appartement, grand, propre, conforme \u00e0 la description et bien plac\u00e9 dans le village de l\u2019Alpe d\u2019Huez, aussi bien pour les pistes de ski que les magasins du centre ville<\/p>\n<p>Propri\u00e9taire accessible et disponible \u00e0 la discussion<\/p>\n<p>SYLVAIN B.<\/p>\n\t\t\t\t\t\t\t<\/div>\r\n\t\t\t\t\t\t\t<div class=\"grve-testimonial-author\">\r\n\t\t\t\t\t\t\t\t\t\t\t\t\t\t\t\t\t\t\t\t\t\t\t<\/div>\r\n\t\t\t\t\t\t<\/div>\r\n\t\t\t\t\t<\/div>\r\n\t\t\t\t<\/div>\r\n\r\n\t\t\t\t\t\t<div class=\"grve-isotope-item grve-testimonial-item post-631 testimonial type-testimonial status-publish hentry\">\r\n\t\t\t\t\t<div class=\"grve-isotope-item-inner grve-zoom-in\">\r\n\t\t\t\t\t\t<div class=\"grve-testimonial-element grve-box-item grve-bg-none\">\r\n\t\t\t\t\t\t\t<div class=\"grve-testimonial-content\">\r\n\t\t\t\t\t\t\t\t<h3 class=\"review__headline\">Un super chalet<\/h3>\n<p>Je tiens \u00e0 remercier le propri\u00e9taire&#8230;En effet nous venons de passer une semaine tr\u00e8s ensoleill\u00e9e dans son ch\u00e2let.. Nous avons profit\u00e9 de son jardin, qui est tr\u00e8s accessible par la terrasse&#8230; De plus nous avons d\u00e9jeun\u00e9 tous les jours sur la terrasse plein sud&#8230; Un chalet tr\u00e8s confortable, \u00e0 proximit\u00e9 des commerces et des pistes&#8230;Je tiens \u00e0 pr\u00e9ciser \u00e9galement qu\u2019il est tr\u00e8s bien agenc\u00e9, il ne manque rien&#8230;Encore un grand merci.. Et si le propri\u00e9taire est d\u2019accord je le relouerai l\u2019ann\u00e9e prochaine&#8230;.En un mot je le recommande&#8230;.<\/p>\n<p>Catherine J.<\/p>\n\t\t\t\t\t\t\t<\/div>\r\n\t\t\t\t\t\t\t<div class=\"grve-testimonial-author\">\r\n\t\t\t\t\t\t\t\t\t\t\t\t\t\t\t\t\t\t\t\t\t\t\t<\/div>\r\n\t\t\t\t\t\t<\/div>\r\n\t\t\t\t\t<\/div>\r\n\t\t\t\t<\/div>\r\n\r\n\t\t\t\t\t\t<div class=\"grve-isotope-item grve-testimonial-item post-630 testimonial type-testimonial status-publish hentry\">\r\n\t\t\t\t\t<div class=\"grve-isotope-item-inner grve-zoom-in\">\r\n\t\t\t\t\t\t<div class=\"grve-testimonial-element grve-box-item grve-bg-none\">\r\n\t\t\t\t\t\t\t<div class=\"grve-testimonial-content\">\r\n\t\t\t\t\t\t\t\t<div class=\"review__author\">\n<h3 class=\"review__headline\">Appartement propre et confortable<\/h3>\n<\/div>\n<div class=\"review--expanded\">\n<p>Super s\u00e9jour, l&rsquo;appartement est bien \u00e9quip\u00e9 et correspond bien \u00e0 l&rsquo;annonce.<\/p>\n<p>Petit plus pour l&rsquo;\u00e9t\u00e9 : la situation au rdc permet de laisser les v\u00e9los en-dehors du balcon, c&rsquo;est appr\u00e9ciable<\/p>\n<\/div>\n<p><span class=\"review__author-name\">Jean-Ga\u00ebl V.<\/span><\/p>\n\t\t\t\t\t\t\t<\/div>\r\n\t\t\t\t\t\t\t<div class=\"grve-testimonial-author\">\r\n\t\t\t\t\t\t\t\t\t\t\t\t\t\t\t\t\t\t\t\t\t\t\t<\/div>\r\n\t\t\t\t\t\t<\/div>\r\n\t\t\t\t\t<\/div>\r\n\t\t\t\t<\/div>\r\n\r\n\t\t\t\t\t\t\t\t\t\t<\/div>\r\n\t\t\t\t<div class=\"grve-pagination grve-link-text grve-heading-color\"><ul class='page-numbers'>\n\t<li><span aria-current=\"page\" class=\"page-numbers current\">1<\/span><\/li>\n\t<li><a class=\"page-numbers\" href=\"https:\/\/alpsrentholidays.com\/fr\/wp-json\/wp\/v2\/pages\/36\/page\/2\/\">2<\/a><\/li>\n\t<li><a class=\"next page-numbers\" href=\"https:\/\/alpsrentholidays.com\/fr\/wp-json\/wp\/v2\/pages\/36\/page\/2\/\"><i class=\"grve-icon-arrow-right\"><\/i><\/a><\/li>\n<\/ul>\n<\/div>\t\t\t<\/div>\r\n\r\n\t\t[\/vc_column_inner][vc_column_inner width=\u00a0\u00bb1\/6&Prime;][\/vc_column_inner][\/vc_row_inner][\/vc_tta_section][\/vc_tta_tabs][\/vc_column][\/vc_row][vc_row][vc_column]<div class=\"grve-element grve-align-left\"><a href=\"https:\/\/alpsrentholidays.com\/fr\/reservation\/\" title=\"R\u00e9servez un s\u00e9jour \u00e0 l&#039;Alpe d&#039;huez\" class=\"grve-btn grve-btn-extralarge grve-square grve-bg-primary-1 grve-bg-hover-black grve-fullwidth-btn grve-fluid-btn-short\"><span><i class=\"fa fa-pencil\"><\/i>R\u00e9servez maintenant !<\/span><\/a><\/div>[\/vc_column][\/vc_row]<\/p>\n<\/div>","protected":false},"excerpt":{"rendered":"<p>[vc_row][vc_column][vc_column_text][\/vc_column_text][\/vc_column][\/vc_row][vc_row][vc_column][\/vc_column][\/vc_row][vc_row][vc_column][vc_tta_tabs alignment=\u00a0\u00bbcenter\u00a0\u00bb active_section=\u00a0\u00bb1&Prime;][vc_tta_section i_icon_fontawesome=\u00a0\u00bbfa fa-map-marker\u00a0\u00bb add_icon=\u00a0\u00bbtrue\u00a0\u00bb title=\u00a0\u00bbLocalisation\u00a0\u00bb tab_id=\u00a0\u00bb1492528050771-6121ab1e-22a9&Prime;][\/vc_tta_section][vc_tta_section i_icon_fontawesome=\u00a0\u00bbfa fa-home\u00a0\u00bb add_icon=\u00a0\u00bbtrue\u00a0\u00bb title=\u00a0\u00bbDescription\u00a0\u00bb tab_id=\u00a0\u00bb1492527924909-4b22f02e-eaf7&Prime;][vc_row_inner][vc_column_inner width=\u00a0\u00bb1\/6&Prime;][\/vc_column_inner][vc_column_inner width=\u00a0\u00bb2\/3&Prime;][vc_column_text]Dans le haut de la station (j6) id\u00e9alement situ\u00e9 dans un chalet r\u00e9cent et r\u00e9nov\u00e9 en automne 2019 tr\u00e8s bel appartement de 60 m2 avec beau s\u00e9jour, cuisine super \u00e9quip\u00e9e. 2 chambres et au total 8 couchages mais lou\u00e9 pour 6 [&hellip;]<\/p>\n","protected":false},"author":1,"featured_media":0,"parent":0,"menu_order":0,"comment_status":"closed","ping_status":"closed","template":"","meta":{"footnotes":""},"class_list":["post-36","page","type-page","status-publish","hentry"],"yoast_head":"<!-- This site is optimized with the Yoast SEO plugin v26.0 - https:\/\/yoast.com\/wordpress\/plugins\/seo\/ -->\n<title>Location appartement 6 personnes \u00e0 l&#039;Alpe d&#039;huez \u00e0 proximit\u00e9 des pistes<\/title>\n<meta name=\"description\" content=\"Louer une magnifique appartement id\u00e9alement situ\u00e9 dans un chalet r\u00e9cent et r\u00e9nov\u00e9 en automne 2019 \u00e0 proximit\u00e9 des pistes, \u00e9cole de ski et des commerces\" \/>\n<meta name=\"robots\" content=\"index, follow, max-snippet:-1, max-image-preview:large, max-video-preview:-1\" \/>\n<link rel=\"canonical\" href=\"https:\/\/alpsrentholidays.com\/fr\/rent-a-ski-apartment-alpe-d-huez\/\" \/>\n<meta property=\"og:locale\" content=\"fr_FR\" \/>\n<meta property=\"og:type\" content=\"article\" \/>\n<meta property=\"og:title\" content=\"Location appartement 6 personnes \u00e0 l&#039;Alpe d&#039;huez \u00e0 proximit\u00e9 des pistes\" \/>\n<meta property=\"og:description\" content=\"Louer une magnifique appartement id\u00e9alement situ\u00e9 dans un chalet r\u00e9cent et r\u00e9nov\u00e9 en automne 2019 \u00e0 proximit\u00e9 des pistes, \u00e9cole de ski et des commerces\" \/>\n<meta property=\"og:url\" content=\"https:\/\/alpsrentholidays.com\/rent-a-ski-apartment-alpe-d-huez\/\" \/>\n<meta property=\"og:site_name\" content=\"Alpe d&#039;huez rental holidays\" \/>\n<meta property=\"article:modified_time\" content=\"2019-11-25T16:26:46+00:00\" \/>\n<meta name=\"twitter:card\" content=\"summary_large_image\" \/>\n<meta name=\"twitter:label1\" content=\"Dur\u00e9e de lecture estim\u00e9e\" \/>\n\t<meta name=\"twitter:data1\" content=\"4 minutes\" \/>\n<script type=\"application\/ld+json\" class=\"yoast-schema-graph\">{\"@context\":\"https:\/\/schema.org\",\"@graph\":[{\"@type\":\"WebPage\",\"@id\":\"https:\/\/alpsrentholidays.com\/rent-a-ski-apartment-alpe-d-huez\/\",\"url\":\"https:\/\/alpsrentholidays.com\/rent-a-ski-apartment-alpe-d-huez\/\",\"name\":\"Location appartement 6 personnes \u00e0 l'Alpe d'huez \u00e0 proximit\u00e9 des pistes\",\"isPartOf\":{\"@id\":\"https:\/\/alpsrentholidays.com\/#website\"},\"datePublished\":\"2017-04-18T08:01:24+00:00\",\"dateModified\":\"2019-11-25T16:26:46+00:00\",\"description\":\"Louer une magnifique appartement id\u00e9alement situ\u00e9 dans un chalet r\u00e9cent et r\u00e9nov\u00e9 en automne 2019 \u00e0 proximit\u00e9 des pistes, \u00e9cole de ski et des commerces\",\"breadcrumb\":{\"@id\":\"https:\/\/alpsrentholidays.com\/rent-a-ski-apartment-alpe-d-huez\/#breadcrumb\"},\"inLanguage\":\"fr-FR\",\"potentialAction\":[{\"@type\":\"ReadAction\",\"target\":[\"https:\/\/alpsrentholidays.com\/rent-a-ski-apartment-alpe-d-huez\/\"]}]},{\"@type\":\"BreadcrumbList\",\"@id\":\"https:\/\/alpsrentholidays.com\/rent-a-ski-apartment-alpe-d-huez\/#breadcrumb\",\"itemListElement\":[{\"@type\":\"ListItem\",\"position\":1,\"name\":\"Accueil\",\"item\":\"https:\/\/alpsrentholidays.com\/\"},{\"@type\":\"ListItem\",\"position\":2,\"name\":\"Location Alpe d&#8217;huez\"}]},{\"@type\":\"WebSite\",\"@id\":\"https:\/\/alpsrentholidays.com\/#website\",\"url\":\"https:\/\/alpsrentholidays.com\/\",\"name\":\"Alpe d'huez rental holidays\",\"description\":\"Best Ski Apartments Rental in Alpe d'Huez\",\"potentialAction\":[{\"@type\":\"SearchAction\",\"target\":{\"@type\":\"EntryPoint\",\"urlTemplate\":\"https:\/\/alpsrentholidays.com\/?s={search_term_string}\"},\"query-input\":{\"@type\":\"PropertyValueSpecification\",\"valueRequired\":true,\"valueName\":\"search_term_string\"}}],\"inLanguage\":\"fr-FR\"}]}<\/script>\n<!-- \/ Yoast SEO plugin. -->","yoast_head_json":{"title":"Location appartement 6 personnes \u00e0 l'Alpe d'huez \u00e0 proximit\u00e9 des pistes","description":"Louer une magnifique appartement id\u00e9alement situ\u00e9 dans un chalet r\u00e9cent et r\u00e9nov\u00e9 en automne 2019 \u00e0 proximit\u00e9 des pistes, \u00e9cole de ski et des commerces","robots":{"index":"index","follow":"follow","max-snippet":"max-snippet:-1","max-image-preview":"max-image-preview:large","max-video-preview":"max-video-preview:-1"},"canonical":"https:\/\/alpsrentholidays.com\/fr\/rent-a-ski-apartment-alpe-d-huez\/","og_locale":"fr_FR","og_type":"article","og_title":"Location appartement 6 personnes \u00e0 l'Alpe d'huez \u00e0 proximit\u00e9 des pistes","og_description":"Louer une magnifique appartement id\u00e9alement situ\u00e9 dans un chalet r\u00e9cent et r\u00e9nov\u00e9 en automne 2019 \u00e0 proximit\u00e9 des pistes, \u00e9cole de ski et des commerces","og_url":"https:\/\/alpsrentholidays.com\/rent-a-ski-apartment-alpe-d-huez\/","og_site_name":"Alpe d'huez rental holidays","article_modified_time":"2019-11-25T16:26:46+00:00","twitter_card":"summary_large_image","twitter_misc":{"Dur\u00e9e de lecture estim\u00e9e":"4 minutes"},"schema":{"@context":"https:\/\/schema.org","@graph":[{"@type":"WebPage","@id":"https:\/\/alpsrentholidays.com\/rent-a-ski-apartment-alpe-d-huez\/","url":"https:\/\/alpsrentholidays.com\/rent-a-ski-apartment-alpe-d-huez\/","name":"Location appartement 6 personnes \u00e0 l'Alpe d'huez \u00e0 proximit\u00e9 des pistes","isPartOf":{"@id":"https:\/\/alpsrentholidays.com\/#website"},"datePublished":"2017-04-18T08:01:24+00:00","dateModified":"2019-11-25T16:26:46+00:00","description":"Louer une magnifique appartement id\u00e9alement situ\u00e9 dans un chalet r\u00e9cent et r\u00e9nov\u00e9 en automne 2019 \u00e0 proximit\u00e9 des pistes, \u00e9cole de ski et des commerces","breadcrumb":{"@id":"https:\/\/alpsrentholidays.com\/rent-a-ski-apartment-alpe-d-huez\/#breadcrumb"},"inLanguage":"fr-FR","potentialAction":[{"@type":"ReadAction","target":["https:\/\/alpsrentholidays.com\/rent-a-ski-apartment-alpe-d-huez\/"]}]},{"@type":"BreadcrumbList","@id":"https:\/\/alpsrentholidays.com\/rent-a-ski-apartment-alpe-d-huez\/#breadcrumb","itemListElement":[{"@type":"ListItem","position":1,"name":"Accueil","item":"https:\/\/alpsrentholidays.com\/"},{"@type":"ListItem","position":2,"name":"Location Alpe d&#8217;huez"}]},{"@type":"WebSite","@id":"https:\/\/alpsrentholidays.com\/#website","url":"https:\/\/alpsrentholidays.com\/","name":"Alpe d'huez rental holidays","description":"Best Ski Apartments Rental in Alpe d'Huez","potentialAction":[{"@type":"SearchAction","target":{"@type":"EntryPoint","urlTemplate":"https:\/\/alpsrentholidays.com\/?s={search_term_string}"},"query-input":{"@type":"PropertyValueSpecification","valueRequired":true,"valueName":"search_term_string"}}],"inLanguage":"fr-FR"}]}},"_links":{"self":[{"href":"https:\/\/alpsrentholidays.com\/fr\/wp-json\/wp\/v2\/pages\/36","targetHints":{"allow":["GET"]}}],"collection":[{"href":"https:\/\/alpsrentholidays.com\/fr\/wp-json\/wp\/v2\/pages"}],"about":[{"href":"https:\/\/alpsrentholidays.com\/fr\/wp-json\/wp\/v2\/types\/page"}],"author":[{"embeddable":true,"href":"https:\/\/alpsrentholidays.com\/fr\/wp-json\/wp\/v2\/users\/1"}],"replies":[{"embeddable":true,"href":"https:\/\/alpsrentholidays.com\/fr\/wp-json\/wp\/v2\/comments?post=36"}],"version-history":[{"count":0,"href":"https:\/\/alpsrentholidays.com\/fr\/wp-json\/wp\/v2\/pages\/36\/revisions"}],"wp:attachment":[{"href":"https:\/\/alpsrentholidays.com\/fr\/wp-json\/wp\/v2\/media?parent=36"}],"curies":[{"name":"wp","href":"https:\/\/api.w.org\/{rel}","templated":true}]}}