{"id":126,"date":"2017-04-19T12:36:42","date_gmt":"2017-04-19T10:36:42","guid":{"rendered":"https:\/\/www.locationvillacostablanca.com\/?page_id=126"},"modified":"2019-11-14T16:16:35","modified_gmt":"2019-11-14T15:16:35","slug":"contactez-nous","status":"publish","type":"page","link":"https:\/\/alpsrentholidays.com\/fr\/contactez-nous\/","title":{"rendered":"Contactez-nous"},"content":{"rendered":"<div class=\"wpb-content-wrapper\"><p>[vc_row padding_top_multiplier=\u00a0\u00bb\u00a0\u00bb columns_gap=\u00a0\u00bb45&Prime;][vc_column width=\u00a0\u00bb2\/3&Prime;][vc_column_text]<div class=\"frm_forms  with_frm_style frm_style_style-formidable\" id=\"frm_form_12_container\" >\n<form enctype=\"multipart\/form-data\" method=\"post\" class=\"frm-show-form  frm_pro_form \" id=\"form_contact-us\" >\n<div class=\"frm_form_fields \">\n<fieldset>\n<legend class=\"frm_screen_reader\">Contactez-nous<\/legend>\r\n\r\n<div class=\"frm_fields_container\">\n<input type=\"hidden\" name=\"frm_action\" value=\"create\" \/>\n<input type=\"hidden\" name=\"form_id\" value=\"12\" \/>\n<input type=\"hidden\" name=\"frm_hide_fields_12\" id=\"frm_hide_fields_12\" value=\"\" \/>\n<input type=\"hidden\" name=\"form_key\" value=\"contact-us\" \/>\n<input type=\"hidden\" name=\"item_meta[0]\" value=\"\" \/>\n<input type=\"hidden\" id=\"frm_submit_entry_12\" name=\"frm_submit_entry_12\" value=\"f2f839030f\" \/><input type=\"hidden\" name=\"_wp_http_referer\" value=\"\/fr\/wp-json\/wp\/v2\/pages\/126\" \/><div id=\"frm_field_147_container\" class=\"frm_form_field form-field  frm_required_field frm_top_container frm_first frm_half\">\r\n    <label for=\"field_qh4icy2\" id=\"field_qh4icy2_label\" class=\"frm_primary_label\">Nom\r\n        <span class=\"frm_required\">*<\/span>\r\n    <\/label>\r\n    <input  type=\"text\" id=\"field_qh4icy2\" name=\"item_meta[147]\" value=\"\"  data-reqmsg=\"Ce champ ne peut pas \u00eatre vide\" aria-required=\"true\" data-invmsg=\"Name est non valide\" aria-invalid=\"false\"   \/>\r\n    \r\n    \r\n<\/div>\n<div id=\"frm_field_148_container\" class=\"frm_form_field form-field  frm_required_field frm_hidden_container frm_half\">\r\n    <label for=\"field_ocfup12\" id=\"field_ocfup12_label\" class=\"frm_primary_label\">Pr\u00e9nom\r\n        <span class=\"frm_required\">*<\/span>\r\n    <\/label>\r\n    <input  type=\"text\" id=\"field_ocfup12\" name=\"item_meta[148]\" value=\"\"  data-reqmsg=\"Ce champ ne peut pas \u00eatre vide\" aria-required=\"true\" data-invmsg=\"Last est non valide\" aria-invalid=\"false\"   \/>\r\n    \r\n    \r\n<\/div>\n<div id=\"frm_field_149_container\" class=\"frm_form_field form-field  frm_required_field frm_top_container frm_full\">\r\n    <label for=\"field_29yf4d2\" id=\"field_29yf4d2_label\" class=\"frm_primary_label\">Email\r\n        <span class=\"frm_required\">*<\/span>\r\n    <\/label>\r\n    <input type=\"email\" id=\"field_29yf4d2\" name=\"item_meta[149]\" value=\"\"  data-reqmsg=\"Ce champ ne peut pas \u00eatre vide\" aria-required=\"true\" data-invmsg=\"Please enter a valid email address\" aria-invalid=\"false\"  \/>\r\n    \r\n    \r\n<\/div>\n<div id=\"frm_field_152_container\" class=\"frm_form_field form-field  frm_required_field frm_top_container\">\r\n    <label for=\"field_xy7kt\" id=\"field_xy7kt_label\" class=\"frm_primary_label\">Objet\r\n        <span class=\"frm_required\">*<\/span>\r\n    <\/label>\r\n    <input  type=\"text\" id=\"field_xy7kt\" name=\"item_meta[152]\" value=\"\"  data-reqmsg=\"Ce champ ne peut pas \u00eatre vide\" aria-required=\"true\" data-invmsg=\"texte est non valide\" aria-invalid=\"false\"   \/>\r\n    \r\n    \r\n<\/div>\n<div id=\"frm_field_151_container\" class=\"frm_form_field form-field  frm_required_field frm_top_container frm_full\">\r\n    <label for=\"field_9jv0r12\" id=\"field_9jv0r12_label\" class=\"frm_primary_label\">Votre message\r\n        <span class=\"frm_required\">*<\/span>\r\n    <\/label>\r\n    <textarea name=\"item_meta[151]\" id=\"field_9jv0r12\" rows=\"5\"  data-reqmsg=\"Ce champ ne peut pas \u00eatre vide\" aria-required=\"true\" data-invmsg=\"Votre message est non valide\" aria-invalid=\"false\"  ><\/textarea>\r\n    \r\n    \r\n<\/div>\n<div id=\"frm_field_161_container\" class=\"frm_form_field form-field  frm_none_container\">\r\n\t<label for=\"h-captcha-response\" id=\"field_3fjrn_label\" class=\"frm_primary_label\">Captcha\r\n\t\t<span class=\"frm_required\" aria-hidden=\"true\"><\/span>\r\n\t<\/label>\r\n\t<div  id=\"field_3fjrn\" class=\"cf-turnstile\" data-sitekey=\"0x4AAAAAAB1yHHZJ5uWZlzGf\" data-size=\"normal\" data-theme=\"light\"><\/div>\r\n\t\r\n\t\r\n<\/div>\n<div id=\"frm_field_160_container\" class=\"frm_form_field form-field \">\r\n\t<div class=\"frm_submit\">\r\n\r\n<button class=\"frm_button_submit frm_final_submit\" type=\"submit\"   formnovalidate=\"formnovalidate\">Envoyer<\/button>\r\n\r\n<\/div>\r\n<\/div>\n\t<input type=\"hidden\" name=\"item_key\" value=\"\" \/>\n\t<input name=\"frm_state\" type=\"hidden\" value=\"6NSYxEWRrteSVud8vN+2zMFMKawKCrq4ZqMSMhx7ZHA=\" \/><\/div>\n<\/fieldset>\n<\/div>\n\n<\/form>\n<\/div>\n[\/vc_column_text][\/vc_column][vc_column width=\u00a0\u00bb1\/3&Prime;]<h1 class=\"grve-element grve-title grve-align-left grve-h3\" style=\"\"><span>Contactez-nous<span class=\"grve-title-line grve-bg-primary-1\" style=\"width: 50px;height: 2px;\"><\/span><\/span><\/h1>[vc_column_text]<strong>Jean-Marc Lafontaine<br \/>\n<\/strong>Parle <span class=\"languages-spoken\">Anglais, Fran\u00e7ais, Allemand, Italien, N\u00e9erlandais<\/span><\/p>\n<p>BE: +32495240440<br \/>\nFR: +33675577588<br \/>\n<a href=\"mailto:info@alpsrentholidays.com\">info@alpsrentholidays.com<\/a>[\/vc_column_text]<div class=\"grve-empty-space grve-height-1x\" style=\"\"><\/div><div class=\"grve-element grve-slider grve-layout-1 grve-gallery-popup\"  style=\" \">  <div class=\"grve-carousel-wrapper\"><div class=\"grve-carousel-navigation grve-dark grve-navigation-1 grve-navigation-default\"><div class=\"grve-carousel-buttons\"><div class=\"grve-carousel-prev\"><i class=\"grve-icon-nav-left-small\"><\/i><span class=\"screen-reader-text\">Previous<\/span><\/div><div class=\"grve-carousel-next\"><i class=\"grve-icon-nav-right-small\"><\/i><span class=\"screen-reader-text\">Next<\/span><\/div><\/div><\/div><div class=\"grve-slider-element owl-carousel grve-theme\" data-slider-speed=\"3500\" data-slider-pause=\"no\" data-slider-autoplay=\"yes\" data-slider-loop=\"yes\" data-slider-transition=\"slide\" data-slider-autoheight=\"no\" data-pagination=\"yes\"><div class=\"grve-slider-item grve-hover-item grve-hover-style-none\">  <figure class=\"grve-image-hover grve-zoom-none\">    <a class=\"grve-item-url\" href=\"https:\/\/alpsrentholidays.com\/wp-content\/uploads\/2019\/11\/location_appartement_ski-alpe_d_huez_4.jpg\" ><\/a><div class=\"grve-media\"><img loading=\"lazy\" decoding=\"async\" width=\"1200\" height=\"800\" src=\"https:\/\/alpsrentholidays.com\/wp-content\/uploads\/2019\/11\/location_appartement_ski-alpe_d_huez_4.jpg\" class=\"attachment-movedo-grve-fullscreen size-movedo-grve-fullscreen\" alt=\"\" srcset=\"https:\/\/alpsrentholidays.com\/wp-content\/uploads\/2019\/11\/location_appartement_ski-alpe_d_huez_4.jpg 1200w, https:\/\/alpsrentholidays.com\/wp-content\/uploads\/2019\/11\/location_appartement_ski-alpe_d_huez_4-300x200.jpg 300w, https:\/\/alpsrentholidays.com\/wp-content\/uploads\/2019\/11\/location_appartement_ski-alpe_d_huez_4-768x512.jpg 768w, https:\/\/alpsrentholidays.com\/wp-content\/uploads\/2019\/11\/location_appartement_ski-alpe_d_huez_4-1024x683.jpg 1024w\" sizes=\"auto, (max-width: 1200px) 100vw, 1200px\" \/><\/div>  <\/figure><\/div><div class=\"grve-slider-item grve-hover-item grve-hover-style-none\">  <figure class=\"grve-image-hover grve-zoom-none\">    <a class=\"grve-item-url\" href=\"https:\/\/alpsrentholidays.com\/wp-content\/uploads\/2019\/11\/location_appartement_ski-alpe_d_huez_9.jpg\" ><\/a><div class=\"grve-media\"><img loading=\"lazy\" decoding=\"async\" width=\"1200\" height=\"800\" src=\"https:\/\/alpsrentholidays.com\/wp-content\/uploads\/2019\/11\/location_appartement_ski-alpe_d_huez_9.jpg\" class=\"attachment-movedo-grve-fullscreen size-movedo-grve-fullscreen\" alt=\"\" srcset=\"https:\/\/alpsrentholidays.com\/wp-content\/uploads\/2019\/11\/location_appartement_ski-alpe_d_huez_9.jpg 1200w, https:\/\/alpsrentholidays.com\/wp-content\/uploads\/2019\/11\/location_appartement_ski-alpe_d_huez_9-300x200.jpg 300w, https:\/\/alpsrentholidays.com\/wp-content\/uploads\/2019\/11\/location_appartement_ski-alpe_d_huez_9-768x512.jpg 768w, https:\/\/alpsrentholidays.com\/wp-content\/uploads\/2019\/11\/location_appartement_ski-alpe_d_huez_9-1024x683.jpg 1024w\" sizes=\"auto, (max-width: 1200px) 100vw, 1200px\" \/><\/div>  <\/figure><\/div><div class=\"grve-slider-item grve-hover-item grve-hover-style-none\">  <figure class=\"grve-image-hover grve-zoom-none\">    <a class=\"grve-item-url\" href=\"https:\/\/alpsrentholidays.com\/wp-content\/uploads\/2019\/11\/location_appartement_ski-alpe_d_huez_8.jpg\" ><\/a><div class=\"grve-media\"><img loading=\"lazy\" decoding=\"async\" width=\"1200\" height=\"800\" src=\"https:\/\/alpsrentholidays.com\/wp-content\/uploads\/2019\/11\/location_appartement_ski-alpe_d_huez_8.jpg\" class=\"attachment-movedo-grve-fullscreen size-movedo-grve-fullscreen\" alt=\"\" srcset=\"https:\/\/alpsrentholidays.com\/wp-content\/uploads\/2019\/11\/location_appartement_ski-alpe_d_huez_8.jpg 1200w, https:\/\/alpsrentholidays.com\/wp-content\/uploads\/2019\/11\/location_appartement_ski-alpe_d_huez_8-300x200.jpg 300w, https:\/\/alpsrentholidays.com\/wp-content\/uploads\/2019\/11\/location_appartement_ski-alpe_d_huez_8-768x512.jpg 768w, https:\/\/alpsrentholidays.com\/wp-content\/uploads\/2019\/11\/location_appartement_ski-alpe_d_huez_8-1024x683.jpg 1024w\" sizes=\"auto, (max-width: 1200px) 100vw, 1200px\" \/><\/div>  <\/figure><\/div><div class=\"grve-slider-item grve-hover-item grve-hover-style-none\">  <figure class=\"grve-image-hover grve-zoom-none\">    <a class=\"grve-item-url\" href=\"https:\/\/alpsrentholidays.com\/wp-content\/uploads\/2019\/11\/location_appartement_ski-alpe_d_huez_7.jpg\" ><\/a><div class=\"grve-media\"><img loading=\"lazy\" decoding=\"async\" width=\"1200\" height=\"800\" src=\"https:\/\/alpsrentholidays.com\/wp-content\/uploads\/2019\/11\/location_appartement_ski-alpe_d_huez_7.jpg\" class=\"attachment-movedo-grve-fullscreen size-movedo-grve-fullscreen\" alt=\"\" srcset=\"https:\/\/alpsrentholidays.com\/wp-content\/uploads\/2019\/11\/location_appartement_ski-alpe_d_huez_7.jpg 1200w, https:\/\/alpsrentholidays.com\/wp-content\/uploads\/2019\/11\/location_appartement_ski-alpe_d_huez_7-300x200.jpg 300w, https:\/\/alpsrentholidays.com\/wp-content\/uploads\/2019\/11\/location_appartement_ski-alpe_d_huez_7-768x512.jpg 768w, https:\/\/alpsrentholidays.com\/wp-content\/uploads\/2019\/11\/location_appartement_ski-alpe_d_huez_7-1024x683.jpg 1024w\" sizes=\"auto, (max-width: 1200px) 100vw, 1200px\" \/><\/div>  <\/figure><\/div><div class=\"grve-slider-item grve-hover-item grve-hover-style-none\">  <figure class=\"grve-image-hover grve-zoom-none\">    <a class=\"grve-item-url\" href=\"https:\/\/alpsrentholidays.com\/wp-content\/uploads\/2019\/11\/Alpe_dHuez_location_appartement_8_personnes.jpg\" ><\/a><div class=\"grve-media\"><img loading=\"lazy\" decoding=\"async\" width=\"1067\" height=\"600\" src=\"https:\/\/alpsrentholidays.com\/wp-content\/uploads\/2019\/11\/Alpe_dHuez_location_appartement_8_personnes.jpg\" class=\"attachment-movedo-grve-fullscreen size-movedo-grve-fullscreen\" alt=\"\" srcset=\"https:\/\/alpsrentholidays.com\/wp-content\/uploads\/2019\/11\/Alpe_dHuez_location_appartement_8_personnes.jpg 1067w, https:\/\/alpsrentholidays.com\/wp-content\/uploads\/2019\/11\/Alpe_dHuez_location_appartement_8_personnes-300x169.jpg 300w, https:\/\/alpsrentholidays.com\/wp-content\/uploads\/2019\/11\/Alpe_dHuez_location_appartement_8_personnes-768x432.jpg 768w, https:\/\/alpsrentholidays.com\/wp-content\/uploads\/2019\/11\/Alpe_dHuez_location_appartement_8_personnes-1024x576.jpg 1024w\" sizes=\"auto, (max-width: 1067px) 100vw, 1067px\" \/><\/div>  <\/figure><\/div>\t<\/div>  <\/div><\/div>[\/vc_column][\/vc_row]<\/p>\n<\/div>","protected":false},"excerpt":{"rendered":"<p>[vc_row padding_top_multiplier=\u00a0\u00bb\u00a0\u00bb columns_gap=\u00a0\u00bb45&Prime;][vc_column width=\u00a0\u00bb2\/3&Prime;][vc_column_text][\/vc_column_text][\/vc_column][vc_column width=\u00a0\u00bb1\/3&Prime;][vc_column_text]Jean-Marc Lafontaine Parle Anglais, Fran\u00e7ais, Allemand, Italien, N\u00e9erlandais BE: +32495240440 FR: +33675577588 info@alpsrentholidays.com[\/vc_column_text][\/vc_column][\/vc_row]<\/p>\n","protected":false},"author":1,"featured_media":0,"parent":0,"menu_order":0,"comment_status":"closed","ping_status":"closed","template":"","meta":{"footnotes":""},"class_list":["post-126","page","type-page","status-publish","hentry"],"yoast_head":"<!-- This site is optimized with the Yoast SEO plugin v26.0 - https:\/\/yoast.com\/wordpress\/plugins\/seo\/ -->\n<title>Contactez-nous pour louer un appartement 6 personnes \u00e0 l&#039;Alpe-d&#039;Huez<\/title>\n<meta name=\"description\" content=\"Vous cherchez un appartement recent dans un petit chalet \u00e0 l&#039;Alpe-d&#039;Huez pour 6 \u00e0 8 pesonnes, pr\u00e8s des pistes et des commerces, contactez-nous.\" \/>\n<meta name=\"robots\" content=\"index, follow, max-snippet:-1, max-image-preview:large, max-video-preview:-1\" \/>\n<link rel=\"canonical\" href=\"https:\/\/alpsrentholidays.com\/fr\/contact-us\/\" \/>\n<meta property=\"og:locale\" content=\"fr_FR\" \/>\n<meta property=\"og:type\" content=\"article\" \/>\n<meta property=\"og:title\" content=\"Contactez-nous pour louer un appartement 6 personnes \u00e0 l&#039;Alpe-d&#039;Huez\" \/>\n<meta property=\"og:description\" content=\"Vous cherchez un appartement recent dans un petit chalet \u00e0 l&#039;Alpe-d&#039;Huez pour 6 \u00e0 8 pesonnes, pr\u00e8s des pistes et des commerces, contactez-nous.\" \/>\n<meta property=\"og:url\" content=\"https:\/\/alpsrentholidays.com\/contact-us\/\" \/>\n<meta property=\"og:site_name\" content=\"Alpe d&#039;huez rental holidays\" \/>\n<meta property=\"article:modified_time\" content=\"2019-11-14T15:16:35+00:00\" \/>\n<meta name=\"twitter:card\" content=\"summary_large_image\" \/>\n<script type=\"application\/ld+json\" class=\"yoast-schema-graph\">{\"@context\":\"https:\/\/schema.org\",\"@graph\":[{\"@type\":\"WebPage\",\"@id\":\"https:\/\/alpsrentholidays.com\/contact-us\/\",\"url\":\"https:\/\/alpsrentholidays.com\/contact-us\/\",\"name\":\"Contactez-nous pour louer un appartement 6 personnes \u00e0 l'Alpe-d'Huez\",\"isPartOf\":{\"@id\":\"https:\/\/alpsrentholidays.com\/#website\"},\"datePublished\":\"2017-04-19T10:36:42+00:00\",\"dateModified\":\"2019-11-14T15:16:35+00:00\",\"description\":\"Vous cherchez un appartement recent dans un petit chalet \u00e0 l'Alpe-d'Huez pour 6 \u00e0 8 pesonnes, pr\u00e8s des pistes et des commerces, contactez-nous.\",\"breadcrumb\":{\"@id\":\"https:\/\/alpsrentholidays.com\/contact-us\/#breadcrumb\"},\"inLanguage\":\"fr-FR\",\"potentialAction\":[{\"@type\":\"ReadAction\",\"target\":[\"https:\/\/alpsrentholidays.com\/contact-us\/\"]}]},{\"@type\":\"BreadcrumbList\",\"@id\":\"https:\/\/alpsrentholidays.com\/contact-us\/#breadcrumb\",\"itemListElement\":[{\"@type\":\"ListItem\",\"position\":1,\"name\":\"Accueil\",\"item\":\"https:\/\/alpsrentholidays.com\/\"},{\"@type\":\"ListItem\",\"position\":2,\"name\":\"Contactez-nous\"}]},{\"@type\":\"WebSite\",\"@id\":\"https:\/\/alpsrentholidays.com\/#website\",\"url\":\"https:\/\/alpsrentholidays.com\/\",\"name\":\"Alpe d'huez rental holidays\",\"description\":\"Best Ski Apartments Rental in Alpe d'Huez\",\"potentialAction\":[{\"@type\":\"SearchAction\",\"target\":{\"@type\":\"EntryPoint\",\"urlTemplate\":\"https:\/\/alpsrentholidays.com\/?s={search_term_string}\"},\"query-input\":{\"@type\":\"PropertyValueSpecification\",\"valueRequired\":true,\"valueName\":\"search_term_string\"}}],\"inLanguage\":\"fr-FR\"}]}<\/script>\n<!-- \/ Yoast SEO plugin. -->","yoast_head_json":{"title":"Contactez-nous pour louer un appartement 6 personnes \u00e0 l'Alpe-d'Huez","description":"Vous cherchez un appartement recent dans un petit chalet \u00e0 l'Alpe-d'Huez pour 6 \u00e0 8 pesonnes, pr\u00e8s des pistes et des commerces, contactez-nous.","robots":{"index":"index","follow":"follow","max-snippet":"max-snippet:-1","max-image-preview":"max-image-preview:large","max-video-preview":"max-video-preview:-1"},"canonical":"https:\/\/alpsrentholidays.com\/fr\/contact-us\/","og_locale":"fr_FR","og_type":"article","og_title":"Contactez-nous pour louer un appartement 6 personnes \u00e0 l'Alpe-d'Huez","og_description":"Vous cherchez un appartement recent dans un petit chalet \u00e0 l'Alpe-d'Huez pour 6 \u00e0 8 pesonnes, pr\u00e8s des pistes et des commerces, contactez-nous.","og_url":"https:\/\/alpsrentholidays.com\/contact-us\/","og_site_name":"Alpe d'huez rental holidays","article_modified_time":"2019-11-14T15:16:35+00:00","twitter_card":"summary_large_image","schema":{"@context":"https:\/\/schema.org","@graph":[{"@type":"WebPage","@id":"https:\/\/alpsrentholidays.com\/contact-us\/","url":"https:\/\/alpsrentholidays.com\/contact-us\/","name":"Contactez-nous pour louer un appartement 6 personnes \u00e0 l'Alpe-d'Huez","isPartOf":{"@id":"https:\/\/alpsrentholidays.com\/#website"},"datePublished":"2017-04-19T10:36:42+00:00","dateModified":"2019-11-14T15:16:35+00:00","description":"Vous cherchez un appartement recent dans un petit chalet \u00e0 l'Alpe-d'Huez pour 6 \u00e0 8 pesonnes, pr\u00e8s des pistes et des commerces, contactez-nous.","breadcrumb":{"@id":"https:\/\/alpsrentholidays.com\/contact-us\/#breadcrumb"},"inLanguage":"fr-FR","potentialAction":[{"@type":"ReadAction","target":["https:\/\/alpsrentholidays.com\/contact-us\/"]}]},{"@type":"BreadcrumbList","@id":"https:\/\/alpsrentholidays.com\/contact-us\/#breadcrumb","itemListElement":[{"@type":"ListItem","position":1,"name":"Accueil","item":"https:\/\/alpsrentholidays.com\/"},{"@type":"ListItem","position":2,"name":"Contactez-nous"}]},{"@type":"WebSite","@id":"https:\/\/alpsrentholidays.com\/#website","url":"https:\/\/alpsrentholidays.com\/","name":"Alpe d'huez rental holidays","description":"Best Ski Apartments Rental in Alpe d'Huez","potentialAction":[{"@type":"SearchAction","target":{"@type":"EntryPoint","urlTemplate":"https:\/\/alpsrentholidays.com\/?s={search_term_string}"},"query-input":{"@type":"PropertyValueSpecification","valueRequired":true,"valueName":"search_term_string"}}],"inLanguage":"fr-FR"}]}},"_links":{"self":[{"href":"https:\/\/alpsrentholidays.com\/fr\/wp-json\/wp\/v2\/pages\/126","targetHints":{"allow":["GET"]}}],"collection":[{"href":"https:\/\/alpsrentholidays.com\/fr\/wp-json\/wp\/v2\/pages"}],"about":[{"href":"https:\/\/alpsrentholidays.com\/fr\/wp-json\/wp\/v2\/types\/page"}],"author":[{"embeddable":true,"href":"https:\/\/alpsrentholidays.com\/fr\/wp-json\/wp\/v2\/users\/1"}],"replies":[{"embeddable":true,"href":"https:\/\/alpsrentholidays.com\/fr\/wp-json\/wp\/v2\/comments?post=126"}],"version-history":[{"count":0,"href":"https:\/\/alpsrentholidays.com\/fr\/wp-json\/wp\/v2\/pages\/126\/revisions"}],"wp:attachment":[{"href":"https:\/\/alpsrentholidays.com\/fr\/wp-json\/wp\/v2\/media?parent=126"}],"curies":[{"name":"wp","href":"https:\/\/api.w.org\/{rel}","templated":true}]}}